{"id":9286,"date":"2020-11-27T21:56:39","date_gmt":"2020-11-28T00:56:39","guid":{"rendered":"https:\/\/edicoes.portaldoenvelhecimento.com.br\/novo\/?post_type=product&#038;p=9286"},"modified":"2026-03-26T22:06:33","modified_gmt":"2026-03-27T01:06:33","slug":"narrar-e-longeviver-caminhos-da-memoria","status":"publish","type":"product","link":"https:\/\/edicoes.portaldoenvelhecimento.com.br\/novo\/produto\/narrar-e-longeviver-caminhos-da-memoria\/","title":{"rendered":"Narrar \u00e9 LongeViver: caminhos da mem\u00f3ria"},"content":{"rendered":"<div class=\"page\" title=\"Page 1\">\n<div class=\"layoutArea\">\n<div class=\"column\">\n<p><strong>SUM\u00c1RIO<\/strong><\/p>\n<\/div>\n<\/div>\n<\/div>\n<div class=\"page\" title=\"Page 2\">\n<div class=\"layoutArea\">\n<div class=\"column\">PRIMEIRA PARTE<\/div>\n<\/div>\n<\/div>\n<ul>\n<li style=\"list-style-type: none;\">\n<ul>\n<li>Coisas, ora coisas\u2026\u2026\u2026\u2026\u2026\u2026\u2026\u2026\u2026\u202611<\/li>\n<\/ul>\n<\/li>\n<\/ul>\n<div>SEGUNDA PARTE<\/div>\n<ul>\n<li style=\"list-style-type: none;\">\n<ul>\n<li>Imagens, imagina\u00e7\u00e3o\u2026\u2026\u2026\u2026\u2026\u2026\u2026109<\/li>\n<\/ul>\n<\/li>\n<\/ul>\n<p>TERCEIRA PARTE<\/p>\n<ul>\n<li style=\"list-style-type: none;\">\n<ul>\n<li>Geografias, espa\u00e7os\u2026\u2026\u2026\u2026\u2026\u2026\u2026\u2026131<\/li>\n<\/ul>\n<\/li>\n<\/ul>\n<p>QUARTA PARTE<\/p>\n<ul>\n<li style=\"list-style-type: none;\">\n<ul>\n<li>Tempos, filigranas\u2026\u2026\u2026\u2026\u2026\u2026\u2026\u2026.243<\/li>\n<\/ul>\n<\/li>\n<\/ul>\n<p>QUINTA PARTE<\/p>\n<ul>\n<li style=\"list-style-type: none;\">\n<ul>\n<li>Cozinha, viagens\u2026\u2026\u2026\u2026\u2026\u2026\u2026\u2026\u2026.295<\/li>\n<\/ul>\n<\/li>\n<\/ul>\n<p>SEXTA PARTE<\/p>\n<ul>\n<li style=\"list-style-type: none;\">\n<ul>\n<li>Narrativas\u2026\u2026\u2026\u2026\u2026\u2026\u2026\u2026\u2026\u2026\u2026\u2026.339<\/li>\n<\/ul>\n<\/li>\n<\/ul>\n<p>S\u00c9TIMA PARTE<\/p>\n<ul>\n<li style=\"list-style-type: none;\">\n<ul>\n<li>Sobre os narradores\u2026\u2026\u2026\u2026\u2026\u2026\u2026405<\/li>\n<\/ul>\n<\/li>\n<\/ul>\n<p>OITAVA PARTE<\/p>\n<ul>\n<li style=\"list-style-type: none;\">\n<ul>\n<li>Anexos\u2026\u2026\u2026\u2026\u2026\u2026\u2026\u2026\u2026\u2026\u2026\u2026\u2026\u2026.429<\/li>\n<\/ul>\n<\/li>\n<\/ul>\n<p>&nbsp;<\/p>\n<p><strong>Caracter\u00edsticas do Produto:<\/strong><\/p>\n<p>PESO: 0,900 Kg<\/p>\n<p>I.S.B.N.: 978-65-990188-5-5<\/p>\n<p>ALTURA: 23,00 cm<\/p>\n<p>LARGURA: 23,00 cm<\/p>\n<p>PROFUNDIDADE: 2,5 cm<\/p>\n<p>N\u00daMERO DE P\u00c1GINAS: 468<\/p>\n<p>IDIOMA: Portugu\u00eas<\/p>\n<p>ACABAMENTO: Brochura<\/p>\n<p>C\u00d3D. BARRAS FIOS:\u00a09786599018855<\/p>\n<p>ANO DA EDI\u00c7\u00c3O: 2020<\/p>\n<p>ORGANIZADORA: Cremilda Medina<\/p>\n<p>&nbsp;<\/p>\n<p><strong>Cremilda Medina<\/strong><\/p>\n<p>Jornalista, pesquisadora e professora titular s\u00eanior da Universidade de S\u00e3o Paulo (USP). Atua na forma\u00e7\u00e3o de mestres, doutores e p\u00f3s-doutores no Programa de P\u00f3s-Gradua\u00e7\u00e3o em Ci\u00eancias da Comunica\u00e7\u00e3o (PPGCOM) e no Programa de P\u00f3s-Gradua\u00e7\u00e3o em Integra\u00e7\u00e3o da Am\u00e9rica Latina (Prolam), ambos da USP. Seu trabalho como educadora traz para a Comunica\u00e7\u00e3o Social e para o Jornalismo os desafios paradigm\u00e1ticos do Saber Plural; a perspectiva do ato presencial, da abertura \u00e0 complexidade, do signo da rela\u00e7\u00e3o e da pedagogia dos afetos; e o eixo central do Di\u00e1logo Social, principalmente, na teoria e pr\u00e1tica da reportagem (narrativas da contemporaneidade). \u00c9 l\u00edder do grupo de pesquisa \u201cEpistemologia do Di\u00e1logo Social\u201d (epistemologiadodialogosocial.wordpress.com).<\/p>\n","protected":false},"excerpt":{"rendered":"<p>Este livro \u00e9 fruto das oficinas de narrativas de um dos cursos de maior sucesso da UATI-USP (Universidade Aberta \u00e0 Terceira Idade), a USP 60+.<\/p>\n<p><strong>S\u00e3o textos bel\u00edssimos que resgatam mem\u00f3rias dos alunos da terceira idade, da comunidade, da cidade, do nosso pa\u00eds e do pa\u00eds de origem de alguns participantes (Egito, Espanha, Jap\u00e3o, Portugal etc.). S\u00e3o 25 autores que respondem aos desafios propostos pela professora Cremilda Medina em oficinas muito criativas que voc\u00ea pode replicar na sua casa ou no seu local de trabalho seguindo os exemplos que encontrar\u00e1 no livro, e resgatar lembran\u00e7as saborosas, profundas e extremamente significativas.<\/strong><\/p>\n<p>O livro est\u00e1 dividido em oito partes e cada uma delas corresponde a uma oficina. A primeira, Coisas, Ora Coisas, o participante elege um objeto que tenha um significado especial na sua vida e permite que este objeto se torne o sujeito da narrativa e conte sua hist\u00f3ria de maneira aut\u00f4noma. Uma arca, um roup\u00e3o, uma gravata, um carrilh\u00e3o, um sapatinho, um im\u00e3, uma gotinha, uma carta, uma m\u00e1quina de escrever, um piano, uma palmeira, os oceanos Atl\u00e2ntico e Mediterr\u00e2neo. Imaginem o que esses personagens tem para contar\u2026\u00a0Alguns vem passando de gera\u00e7\u00e3o para gera\u00e7\u00e3o, conhecem os segredos mais \u00edntimos dos participantes, pois s\u00e3o testemunhas de uma vida de alegria e sofrimento, choro e riso, dor e prazer.<\/p>\n<p>A segunda parte, Imagem e Imagina\u00e7\u00e3o, \u00e9 fruto de uma oficina na qual a professora sugere aos alunos abrir um \u00e1lbum antigo de fotos e encontrar uma \u2013 das mais antigas -, observar com bastante carinho, imaginar e narrar a cena por tr\u00e1s da imagem. Hist\u00f3rias sentimentais, afetuosas, rom\u00e2nticas, calorosas. A mem\u00f3ria viaja por caminhos h\u00e1 muito esquecidos e neles encontra e desperta sentimentos muito especiais.<\/p>\n<p>A terceira parte, Geografia e Espa\u00e7os, leva o idoso a pensar em lugares com um significado muito especial para sua vida como o Parque Ibirapuera, a Pra\u00e7a da S\u00e9, a Vila de S\u00e3o Francisco, a Pra\u00e7a Ch\u00e3o de Giz, uma rua de dois nomes, o Largo de S\u00e3o Francisco, a cidade vista a partir do transporte p\u00fablico, textos que destacam o protagonismo an\u00f4nimo, com um contexto social e cultural \u00fanico, voc\u00ea pode fazer o mesmo na sua cidade.<\/p>\n<p>A quarta parte, Tempos, Filigranas, sai de uma oficina mais amena, uma busca na mem\u00f3ria de passagens relevantes, momentos marcantes e inesquec\u00edveis.<\/p>\n<p>A quinta parte \u00e9 uma del\u00edcia, Cozinha, Viagens, como n\u00e3o se trata de uma oficina de culin\u00e1ria, a receita aqui n\u00e3o \u00e9 apenas saborosa, \u00e9 afetiva, um caldo vindo de Portugal que aqui, adaptado, torna-se melhor, um acaraj\u00e9, uma torta, um bolo de mel etc., receitas amparadas em hist\u00f3rias maravilhosas.<\/p>\n<p>A sexta parte reflete nossas velhices e buscam respostas para quest\u00f5es que interessam a todos: como os idosos s\u00e3o tratados pela m\u00eddia?; velhice e felicidade combinam?; quem s\u00e3o os velhos de hoje? etc.<\/p>\n<p>A s\u00e9tima \u00e9 a apresenta\u00e7\u00e3o dos autores e a oitava s\u00e3o os anexos que resgatam a hist\u00f3ria das oficinas e d\u00e3o mais detalhes sobre esse longevo grupo de pesquisa que ano ap\u00f3s ano se renova para apresentar ao leitor produ\u00e7\u00f5es incr\u00edveis. Esta, especialmente, ir\u00e1 surpreend\u00ea-lo pela profundidade e leveza dos textos, mas, principalmente, pela riqueza de cenas.<\/p>\n<p><strong>Formato Especial 23 x 23<\/strong><\/p>\n","protected":false},"featured_media":9289,"comment_status":"open","ping_status":"closed","template":"","meta":{"_bbp_topic_count":0,"_bbp_reply_count":0,"_bbp_total_topic_count":0,"_bbp_total_reply_count":0,"_bbp_voice_count":0,"_bbp_anonymous_reply_count":0,"_bbp_topic_count_hidden":0,"_bbp_reply_count_hidden":0,"_bbp_forum_subforum_count":0,"pmpro_default_level":""},"product_brand":[],"product_cat":[67,69],"product_tag":[70,68],"class_list":{"0":"post-9286","1":"product","2":"type-product","3":"status-publish","4":"has-post-thumbnail","6":"product_cat-ebooks","7":"product_cat-todos-livros","8":"product_tag-ebook","9":"product_tag-livros","10":"pmpro-has-access","12":"first","13":"instock","14":"shipping-taxable","15":"purchasable","16":"product-type-variable"},"_links":{"self":[{"href":"https:\/\/edicoes.portaldoenvelhecimento.com.br\/novo\/wp-json\/wp\/v2\/product\/9286","targetHints":{"allow":["GET"]}}],"collection":[{"href":"https:\/\/edicoes.portaldoenvelhecimento.com.br\/novo\/wp-json\/wp\/v2\/product"}],"about":[{"href":"https:\/\/edicoes.portaldoenvelhecimento.com.br\/novo\/wp-json\/wp\/v2\/types\/product"}],"replies":[{"embeddable":true,"href":"https:\/\/edicoes.portaldoenvelhecimento.com.br\/novo\/wp-json\/wp\/v2\/comments?post=9286"}],"version-history":[{"count":3,"href":"https:\/\/edicoes.portaldoenvelhecimento.com.br\/novo\/wp-json\/wp\/v2\/product\/9286\/revisions"}],"predecessor-version":[{"id":21291,"href":"https:\/\/edicoes.portaldoenvelhecimento.com.br\/novo\/wp-json\/wp\/v2\/product\/9286\/revisions\/21291"}],"wp:featuredmedia":[{"embeddable":true,"href":"https:\/\/edicoes.portaldoenvelhecimento.com.br\/novo\/wp-json\/wp\/v2\/media\/9289"}],"wp:attachment":[{"href":"https:\/\/edicoes.portaldoenvelhecimento.com.br\/novo\/wp-json\/wp\/v2\/media?parent=9286"}],"wp:term":[{"taxonomy":"product_brand","embeddable":true,"href":"https:\/\/edicoes.portaldoenvelhecimento.com.br\/novo\/wp-json\/wp\/v2\/product_brand?post=9286"},{"taxonomy":"product_cat","embeddable":true,"href":"https:\/\/edicoes.portaldoenvelhecimento.com.br\/novo\/wp-json\/wp\/v2\/product_cat?post=9286"},{"taxonomy":"product_tag","embeddable":true,"href":"https:\/\/edicoes.portaldoenvelhecimento.com.br\/novo\/wp-json\/wp\/v2\/product_tag?post=9286"}],"curies":[{"name":"wp","href":"https:\/\/api.w.org\/{rel}","templated":true}]}}