{"id":31342,"date":"2025-11-10T18:41:03","date_gmt":"2025-11-10T21:41:03","guid":{"rendered":"https:\/\/edicoes.portaldoenvelhecimento.com.br\/novo\/?post_type=product&#038;p=31342"},"modified":"2025-12-15T16:59:06","modified_gmt":"2025-12-15T19:59:06","slug":"combo-atividades","status":"publish","type":"product","link":"https:\/\/edicoes.portaldoenvelhecimento.com.br\/novo\/produto\/combo-atividades\/","title":{"rendered":"COMBO DE E-BOOKS: Seu Arsenal de Atividades"},"content":{"rendered":"<p>Os livros que encabe\u00e7am este pacote s\u00e3o os mais procurados no nosso site:<\/p>\n<ol>\n<li>\n<h5>DIN\u00c2MICAS DE GRUPO PARA IDOSOS (35 atividades)<\/h5>\n<\/li>\n<li>\n<h5>PO\u00c9TICA DA VELHICE (32 atividades)<\/h5>\n<\/li>\n<li>\n<h5>TEIAS NEURONAIS (37 atividades +100 desafios) e<\/h5>\n<\/li>\n<li>\n<h5>TECENDO O CHAMADO DE ATENA E ARACNE (30 atividades)<\/h5>\n<\/li>\n<\/ol>\n<p>Na sequ\u00eancia temos o livro<strong> Envelhecimento Artivo<\/strong>, uma proposta de se envelhecer com arte e mais alguns cadernos de exerc\u00edcios nessa \u00e1rea art\u00edstica e outros visando a estimula\u00e7\u00e3o cognitiva. E tamb\u00e9m o livro <strong>Empreendedorismo 60+ (maduros em atividade comercial)<\/strong> lan\u00e7ado recentemente.<\/p>\n<p>Cartilhas:<\/p>\n<ol>\n<li>Caderno Virtual \u2013 Exerc\u00edcios para Estimular a Mente (Vol. 1);<\/li>\n<li>Caderno Virtual &#8211; Atividades de Arte: Os Impressionistas;<\/li>\n<li>Caderno Virtual &#8211; Can\u00e7\u00f5es para Colorir e Cantar \u2013 Adoniran Barbosa;<\/li>\n<li>Caderno Virtual &#8211; Can\u00e7\u00f5es para Colorir e Cantar \u2013 Dorival Caymmi;<\/li>\n<li>Caderno Virtual: 7 Atividades para Curtir os Momentos em Casa;<\/li>\n<li>Caderno Virtual Parte II: +7 Atividades para Curtir os Momentos em Casa (muita arte!);<\/li>\n<li>Caderno Virtual: Desenho e Poesia \u2013 Paulo Leminski, Mario Quintana, Carlos Drummond de Andrade;<\/li>\n<li>Avosidade em A\u00e7\u00e3o: Caderno Pedag\u00f3gico;<\/li>\n<li>Caderno: Estimula\u00e7\u00e3o Cognitiva \u2013 Caderno de Exerc\u00edcios;<\/li>\n<li>Cat\u00e1logo Virtual: Envelhecimento e Cinema<\/li>\n<\/ol>\n<p>&nbsp;<\/p>\n<p><strong>Mais de 140 propostas de atividades!<\/strong><\/p>\n","protected":false},"excerpt":{"rendered":"<p>Este pacote re\u00fane os livros com propostas de atividades mais procurados e desejados pelos nossos leitores:<\/p>\n<ol>\n<li>\n<h5>Din\u00e2micas de Grupo para Idosos &#8211; atividades que estimulam e divertem;<\/h5>\n<\/li>\n<li>\n<h5>Po\u00e9tica da Velhice &#8211; 32 propostas de atividades;<\/h5>\n<\/li>\n<li>\n<h5>Tecendo o Chamado de Arena e Aracne &#8211; 30 oficinas para o segmento 60+;<\/h5>\n<\/li>\n<li>\n<h5>Teias Neuronais e muito mais &#8211; 37 atividades + 100 desafios.<\/h5>\n<\/li>\n<\/ol>\n<p>S\u00e3o livros que oferecem um amplo leque de sugest\u00f5es de exerc\u00edcios que ativam a mem\u00f3ria e as fun\u00e7\u00f5es que lhe d\u00e3o suporte. S\u00e3o exerc\u00edcios l\u00fadicos, poss\u00edveis, vi\u00e1veis, que estabelecem uma ponte entre teoria sobre mem\u00f3ria e a pr\u00e1tica de como cuidar dela por meio de atividades intelectuais e f\u00edsicas.<\/p>\n<p>A import\u00e2ncia da mem\u00f3ria para uma boa qualidade de vida \u00e9 reconhecida sem contesta\u00e7\u00e3o; tamb\u00e9m \u00e9 sabido que ela precisa ser usada e estimulada para poder funcionar bem. Como fazer isso?<\/p>\n<p>As propostas de atividades destes livros n\u00e3o s\u00e3o listadas ao acaso, nem exclusivamente com fins recreativos. S\u00e3o propostas que vem de profissionais com mestrado, doutorado e p\u00f3s-doutorado, al\u00e9m de in\u00fameros outros cursos, feitos no Brasil e no exterior, que tem na gerontologia sua \u00e1rea principal de interesse, a mem\u00f3ria e a criatividade; portanto, as sugest\u00f5es t\u00eam um embasamento te\u00f3rico s\u00f3lido. Al\u00e9m disso, as profissionais atuam com grupos e\/ou atendimentos individuais, seja em Centros Dia ou ILPIs e outras institui\u00e7\u00f5es, ou seja, as atividades j\u00e1 foram todas realizadas com pessoas idosas. Como n\u00e3o s\u00e3o livros de teoria, mas de pr\u00e1tica, as informa\u00e7\u00f5es mais importantes para o leitor, leigo ou n\u00e3o, s\u00e3o distribu\u00eddas em gotas parcimoniosas ao longo do texto.<\/p>\n<p>Al\u00e9m dos livros, tamb\u00e9m disponibilizamos todos os cadernos de Estimula\u00e7\u00e3o Cognitiva que reunimos no nosso site:<\/p>\n<ol>\n<li>Caderno Virtual \u2013 Exerc\u00edcios para Estimular a Mente (Vol. 1);<\/li>\n<li>Caderno Virtual &#8211; Atividades de Arte: Os Impressionistas;<\/li>\n<li>Caderno Virtual &#8211; Can\u00e7\u00f5es para Colorir e Cantar \u2013 Adoniran Barbosa;<\/li>\n<li>Caderno Virtual &#8211; Can\u00e7\u00f5es para Colorir e Cantar \u2013 Dorival Caymmi;<\/li>\n<li>Caderno Virtual: 7 Atividades para Curtir os Momentos em Casa;<\/li>\n<li>Caderno Virtual Parte II: +7 Atividades para Curtir os Momentos em Casa (muita arte!);<\/li>\n<li>Caderno Virtual: Desenho e Poesia \u2013 Paulo Leminski, Mario Quintana, Carlos Drummond de Andrade;<\/li>\n<li>Avosidade em A\u00e7\u00e3o: Caderno Pedag\u00f3gico;<\/li>\n<li>Caderno: Estimula\u00e7\u00e3o Cognitiva \u2013 Caderno de Exerc\u00edcios;<\/li>\n<li>Cat\u00e1logo Virtual: Envelhecimento e Cinema<\/li>\n<\/ol>\n<p>&nbsp;<\/p>\n<p>Com este combo de e-books voc\u00ea ter\u00e1 um arsenal de propostas! Como diz uma das autoras, S\u00f4nia Fuentes, \u201ca pretens\u00e3o, vale pontuar, \u00e9 que esse Caderno de Atividades n\u00e3o esgote outras possibilidades de trabalho com os velhos, que funcione como gatilho para a cria\u00e7\u00e3o de atividades diferentes, in\u00e9ditas, que n\u00e3o seja visto como mais um modelo ou cartilha, mas um material que enrique\u00e7a o dia a dia do idoso, fazendo-o ganhar intera\u00e7\u00e3o com profissionais e residentes nas institui\u00e7\u00f5es.\u201d<\/p>\n<p>&nbsp;<\/p>\n","protected":false},"featured_media":32098,"comment_status":"open","ping_status":"closed","template":"","meta":{"_bbp_topic_count":0,"_bbp_reply_count":0,"_bbp_total_topic_count":0,"_bbp_total_reply_count":0,"_bbp_voice_count":0,"_bbp_anonymous_reply_count":0,"_bbp_topic_count_hidden":0,"_bbp_reply_count_hidden":0,"_bbp_forum_subforum_count":0,"pmpro_default_level":""},"product_brand":[],"product_cat":[67,91,71,69],"product_tag":[68],"class_list":{"0":"post-31342","1":"product","2":"type-product","3":"status-publish","4":"has-post-thumbnail","6":"product_cat-ebooks","7":"product_cat-livros-com-propostas-de-atividades","8":"product_cat-promocoes","9":"product_cat-todos-livros","10":"product_tag-livros","11":"pmpro-has-access","13":"first","14":"instock","15":"sale","16":"downloadable","17":"virtual","18":"purchasable","19":"product-type-simple"},"_links":{"self":[{"href":"https:\/\/edicoes.portaldoenvelhecimento.com.br\/novo\/wp-json\/wp\/v2\/product\/31342","targetHints":{"allow":["GET"]}}],"collection":[{"href":"https:\/\/edicoes.portaldoenvelhecimento.com.br\/novo\/wp-json\/wp\/v2\/product"}],"about":[{"href":"https:\/\/edicoes.portaldoenvelhecimento.com.br\/novo\/wp-json\/wp\/v2\/types\/product"}],"replies":[{"embeddable":true,"href":"https:\/\/edicoes.portaldoenvelhecimento.com.br\/novo\/wp-json\/wp\/v2\/comments?post=31342"}],"version-history":[{"count":23,"href":"https:\/\/edicoes.portaldoenvelhecimento.com.br\/novo\/wp-json\/wp\/v2\/product\/31342\/revisions"}],"predecessor-version":[{"id":39287,"href":"https:\/\/edicoes.portaldoenvelhecimento.com.br\/novo\/wp-json\/wp\/v2\/product\/31342\/revisions\/39287"}],"wp:featuredmedia":[{"embeddable":true,"href":"https:\/\/edicoes.portaldoenvelhecimento.com.br\/novo\/wp-json\/wp\/v2\/media\/32098"}],"wp:attachment":[{"href":"https:\/\/edicoes.portaldoenvelhecimento.com.br\/novo\/wp-json\/wp\/v2\/media?parent=31342"}],"wp:term":[{"taxonomy":"product_brand","embeddable":true,"href":"https:\/\/edicoes.portaldoenvelhecimento.com.br\/novo\/wp-json\/wp\/v2\/product_brand?post=31342"},{"taxonomy":"product_cat","embeddable":true,"href":"https:\/\/edicoes.portaldoenvelhecimento.com.br\/novo\/wp-json\/wp\/v2\/product_cat?post=31342"},{"taxonomy":"product_tag","embeddable":true,"href":"https:\/\/edicoes.portaldoenvelhecimento.com.br\/novo\/wp-json\/wp\/v2\/product_tag?post=31342"}],"curies":[{"name":"wp","href":"https:\/\/api.w.org\/{rel}","templated":true}]}}