{"id":30140,"date":"2024-12-17T20:57:54","date_gmt":"2024-12-17T23:57:54","guid":{"rendered":"https:\/\/edicoes.portaldoenvelhecimento.com.br\/novo\/?post_type=product&#038;p=30140"},"modified":"2025-09-30T10:41:29","modified_gmt":"2025-09-30T13:41:29","slug":"resignificacao-da-velhice-no-suas-do-enfrentamento-do-idadismo-ao-fortalecimento-dos-dos-fundos-de-direitos-da-pessoa-idosa","status":"publish","type":"product","link":"https:\/\/edicoes.portaldoenvelhecimento.com.br\/novo\/produto\/resignificacao-da-velhice-no-suas-do-enfrentamento-do-idadismo-ao-fortalecimento-dos-dos-fundos-de-direitos-da-pessoa-idosa\/","title":{"rendered":"Ressignifica\u00e7\u00e3o da Velhice no SUAS &#8211; Do Enfrentamento do Idadismo ao Fortalecimento dos Fundos de Direitos da Pessoa Idosa"},"content":{"rendered":"<div class=\"page\" title=\"Page 1\">\n<div class=\"section\">\n<div class=\"layoutArea\">\n<div class=\"column\">\n<p><strong>SUM\u00c1RIO<\/strong><\/p>\n<p>Apresentac\u0327a\u0303o&#8230;&#8230;&#8230;&#8230;&#8230;&#8230;&#8230;&#8230;&#8230;&#8230;&#8230;&#8230;&#8230;&#8230;&#8230;&#8230;&#8230; 6<\/p>\n<p>Parte 1 &#8230;&#8230;&#8230;&#8230;&#8230;&#8230;&#8230;&#8230;&#8230;&#8230;&#8230;&#8230;&#8230;&#8230;&#8230;&#8230;&#8230;&#8230;&#8230;&#8230; 8<\/p>\n<p>Colec\u0327a\u0303o de Gibis Gerac\u0327a\u0303o Prateada &#8230;&#8230;&#8230;&#8230;&#8230;&#8230;&#8230;&#8230;&#8230;&#8230;&#8230;&#8230;&#8230;9<\/p>\n<p>Parte 2 &#8230;&#8230;&#8230;&#8230;&#8230;&#8230;&#8230;&#8230;&#8230;&#8230;&#8230;&#8230;&#8230;&#8230;&#8230;&#8230;&#8230;&#8230;&#8230;.. 11<\/p>\n<p>O Trabalhador do SUAS e o Multiplicador &#8230;&#8230;&#8230;&#8230;&#8230;&#8230;&#8230;&#8230;&#8230;.. 12<\/p>\n<p>Parte 3 &#8230;&#8230;&#8230;&#8230;&#8230;&#8230;&#8230;&#8230;&#8230;&#8230;&#8230;&#8230;&#8230;&#8230;&#8230;&#8230;&#8230;&#8230;&#8230;..14<\/p>\n<p>Planejamento da Multiplicac\u0327a\u0303o no SUAS&#8230;&#8230;&#8230;&#8230;&#8230;&#8230;&#8230;&#8230;&#8230;&#8230;.. 15<\/p>\n<p>Planejamento de Encontros&#8230;&#8230;&#8230;&#8230;&#8230;&#8230;&#8230;&#8230;&#8230;&#8230;&#8230;&#8230; 18<\/p>\n<p>Parte 4&#8230;&#8230;&#8230;&#8230;&#8230;&#8230;&#8230;&#8230;&#8230;&#8230;&#8230;&#8230;&#8230;&#8230;&#8230;&#8230;&#8230;&#8230;. 21<\/p>\n<p>Organizando o conteu\u0301do dos encontros &#8230;&#8230;&#8230;&#8230;&#8230;&#8230;&#8230;&#8230;&#8230;&#8230;.. 22<\/p>\n<p>Parte 5 &#8230;&#8230;&#8230;&#8230;&#8230;&#8230;&#8230;&#8230;&#8230;&#8230;&#8230;&#8230;&#8230;&#8230;&#8230;&#8230;&#8230;&#8230;&#8230;. 23<\/p>\n<p>Sugesta\u0303o de temas a serem abordados pelos multiplicadores &#8230;&#8230;&#8230;&#8230;&#8230;&#8230;&#8230;&#8230;&#8230;&#8230;&#8230;&#8230;&#8230;&#8230;24<\/p>\n<p>Parte 6 &#8230;&#8230;&#8230;&#8230;&#8230;&#8230;&#8230;&#8230;&#8230;&#8230;&#8230;&#8230;&#8230;&#8230;&#8230;&#8230;&#8230;&#8230;&#8230;. 25<\/p>\n<p>Te\u0301cnicas para multiplicar &#8230;&#8230;&#8230;&#8230;&#8230;&#8230;&#8230;&#8230;&#8230;&#8230;&#8230;&#8230;&#8230;&#8230;&#8230;&#8230;&#8230;..26<\/p>\n<p>Rodas de Conversa &#8230;&#8230;&#8230;&#8230;&#8230;&#8230;&#8230;&#8230;&#8230;&#8230;&#8230;&#8230;&#8230;&#8230;&#8230;&#8230;&#8230;&#8230;&#8230;&#8230;. 32<\/p>\n<p>Parte 7 &#8230;&#8230;&#8230;&#8230;&#8230;&#8230;&#8230;&#8230;&#8230;&#8230;&#8230;&#8230;&#8230;&#8230;&#8230;&#8230;&#8230;&#8230;&#8230;..37<\/p>\n<p>Notas Finais &#8230;&#8230;&#8230;&#8230;&#8230;&#8230;&#8230;&#8230;&#8230;&#8230;&#8230;&#8230;&#8230;&#8230;&#8230;&#8230;&#8230;&#8230;&#8230;&#8230;&#8230;&#8230;&#8230;.. 38<\/p>\n<p>Refere\u0302ncias Consultadas &#8230;&#8230;&#8230;&#8230;&#8230;&#8230;&#8230;&#8230;&#8230;&#8230;&#8230; 39<\/p>\n<\/div>\n<\/div>\n<\/div>\n<\/div>\n","protected":false},"excerpt":{"rendered":"<p><b>Ressignifica\u00e7\u00e3o da Velhice no SUAS<\/b><\/p>\n<p>&nbsp;<\/p>\n<p><span style=\"font-weight: 400;\">A cartilha <\/span><b>Ressignifica\u00e7\u00e3o da Velhice no SUAS &#8211; Do enfrentamento do idadismo ao fortalecimento dos Conselhos e Fundos de Direitos da Pessoa Idosa<\/b><span style=\"font-weight: 400;\"> tem como objetivo apoiar a elabora\u00e7\u00e3o e a implementa\u00e7\u00e3o de a\u00e7\u00f5es interdisciplinares, voltadas para a promo\u00e7\u00e3o da conscientiza\u00e7\u00e3o sobre o processo de envelhecimento e a velhice. Especialmente, promover a conscientiza\u00e7\u00e3o sobre a garantia de direitos, sobre os Conselhos e os Fundos de Direitos da Pessoa Idosa.<\/span><\/p>\n<p><span style=\"font-weight: 400;\">Nela, o leitor encontrar\u00e1 na parte 1 informa\u00e7\u00f5es sobre os Gibis Gera\u00e7\u00e3o Prateada; esclarecimentos sobre o que \u00e9 ser um multiplicador na parte 2; na parte 3 informa\u00e7\u00f5es sobre o planejamento da multiplica\u00e7\u00e3o no SUAS; na parte 4 informa\u00e7\u00f5es sobre a organiza\u00e7\u00e3o do conte\u00fado para os encontros; na parte 5 as sugest\u00f5es de temas a serem abordados pelos multiplicadores; na parte 6 s\u00e3o apresentadas as t\u00e9cnicas para multiplicar, com exemplos de pr\u00e1ticas de utiliza\u00e7\u00e3o dos gibis para o aprendizado dos trabalhadores do SUAS e para a utiliza\u00e7\u00e3o desta com o p\u00fablico-alvo do SUAS, e, na parte 7, se encontram as notas finais.<\/span><\/p>\n<p><span style=\"font-weight: 400;\">Esta cartilha possibilita que todos os profissionais do SUAS se tornem multiplicadores dos gibis entre os usu\u00e1rios e as comunidades atendidas. Vale lembrar que ao disseminar conhecimentos sobre direitos, os trabalhadores contribuir\u00e3o para a constru\u00e7\u00e3o de uma sociedade mais digna e amiga da pessoa idosa, promovendo a valoriza\u00e7\u00e3o dos direitos desse grupo. Pela conscientiza\u00e7\u00e3o e participa\u00e7\u00e3o ativa, vamos combater preconceitos, fortalecer a participa\u00e7\u00e3o social e garantir que as vozes das pessoas idosas sejam ouvidas e respeitadas.<\/span><\/p>\n<p><span style=\"font-weight: 400;\">Esperamos que esses materiais contribuam para a promo\u00e7\u00e3o e defesa dos direitos das pessoas idosas nos servi\u00e7os socioassistenciais, capacitando os trabalhadores do SUAS a tamb\u00e9m desempenharem a importante fun\u00e7\u00e3o de serem multiplicadores, na constru\u00e7\u00e3o de uma sociedade mais justa para todas as idades.<\/span><\/p>\n<p><span style=\"font-weight: 400;\">A profa. Simone Martins, da Universidade Federal de Vi\u00e7osa (UFV) esteve \u00e0 frente da produ\u00e7\u00e3o de conte\u00fado e coordena\u00e7\u00e3o. Contou com a coopera\u00e7\u00e3o da mestranda Daniele Magnavita de Alencar (Profiap\/UFV), profa. Andr\u00e9ia Queiroz Ribeiro (Universidade Federal de Vi\u00e7osa -UFV), profa. Beltrina C\u00f4rte (N\u00facleo de Estudo e <\/span><span style=\"font-weight: 400;\">Pesquisa do Envelhecimento da PUC-SP, profa. Stefania Becattini Vaccaro (Universidade Federal de Lavras &#8211; UFLA), e da profa. Maria Elisa Gonzalez Manso (Centro Universit\u00e1rio S\u00e3o Camilo SP &#8211; CUSC).<\/span><\/p>\n<p><span style=\"font-weight: 400;\">Boa leitura!<\/span><\/p>\n<p><strong>Para baixar o arquivo, clique em \u00ab adicionar ao carrinho \u00bb, mas na\u0303o se preocupe, o site na\u0303o pedir\u00e1 nenhuma informac\u0327a\u0303o de pagamento!<\/strong><\/p>\n","protected":false},"featured_media":30141,"comment_status":"open","ping_status":"closed","template":"","meta":{"_bbp_topic_count":0,"_bbp_reply_count":0,"_bbp_total_topic_count":0,"_bbp_total_reply_count":0,"_bbp_voice_count":0,"_bbp_anonymous_reply_count":0,"_bbp_topic_count_hidden":0,"_bbp_reply_count_hidden":0,"_bbp_forum_subforum_count":0,"pmpro_default_level":""},"product_brand":[],"product_cat":[88],"product_tag":[70,87],"class_list":{"0":"post-30140","1":"product","2":"type-product","3":"status-publish","4":"has-post-thumbnail","6":"product_cat-e-books-gratis-2","7":"product_tag-ebook","8":"product_tag-e-books-gratis","9":"pmpro-has-access","11":"first","12":"instock","13":"downloadable","14":"virtual","15":"purchasable","16":"product-type-simple"},"_links":{"self":[{"href":"https:\/\/edicoes.portaldoenvelhecimento.com.br\/novo\/wp-json\/wp\/v2\/product\/30140","targetHints":{"allow":["GET"]}}],"collection":[{"href":"https:\/\/edicoes.portaldoenvelhecimento.com.br\/novo\/wp-json\/wp\/v2\/product"}],"about":[{"href":"https:\/\/edicoes.portaldoenvelhecimento.com.br\/novo\/wp-json\/wp\/v2\/types\/product"}],"replies":[{"embeddable":true,"href":"https:\/\/edicoes.portaldoenvelhecimento.com.br\/novo\/wp-json\/wp\/v2\/comments?post=30140"}],"version-history":[{"count":7,"href":"https:\/\/edicoes.portaldoenvelhecimento.com.br\/novo\/wp-json\/wp\/v2\/product\/30140\/revisions"}],"predecessor-version":[{"id":33874,"href":"https:\/\/edicoes.portaldoenvelhecimento.com.br\/novo\/wp-json\/wp\/v2\/product\/30140\/revisions\/33874"}],"wp:featuredmedia":[{"embeddable":true,"href":"https:\/\/edicoes.portaldoenvelhecimento.com.br\/novo\/wp-json\/wp\/v2\/media\/30141"}],"wp:attachment":[{"href":"https:\/\/edicoes.portaldoenvelhecimento.com.br\/novo\/wp-json\/wp\/v2\/media?parent=30140"}],"wp:term":[{"taxonomy":"product_brand","embeddable":true,"href":"https:\/\/edicoes.portaldoenvelhecimento.com.br\/novo\/wp-json\/wp\/v2\/product_brand?post=30140"},{"taxonomy":"product_cat","embeddable":true,"href":"https:\/\/edicoes.portaldoenvelhecimento.com.br\/novo\/wp-json\/wp\/v2\/product_cat?post=30140"},{"taxonomy":"product_tag","embeddable":true,"href":"https:\/\/edicoes.portaldoenvelhecimento.com.br\/novo\/wp-json\/wp\/v2\/product_tag?post=30140"}],"curies":[{"name":"wp","href":"https:\/\/api.w.org\/{rel}","templated":true}]}}