{"id":18544,"date":"2023-06-19T14:33:02","date_gmt":"2023-06-19T17:33:02","guid":{"rendered":"https:\/\/edicoes.portaldoenvelhecimento.com.br\/novo\/?post_type=product&#038;p=18544"},"modified":"2026-03-16T15:49:53","modified_gmt":"2026-03-16T18:49:53","slug":"estimulacao-cognitiva-caderno-de-exercicios","status":"publish","type":"product","link":"https:\/\/edicoes.portaldoenvelhecimento.com.br\/novo\/produto\/estimulacao-cognitiva-caderno-de-exercicios\/","title":{"rendered":"Estimula\u00e7\u00e3o Cognitiva &#8211; Caderno de Exerc\u00edcios"},"content":{"rendered":"<p><em><strong>Caderno de Exerc\u00edcios de Estimula\u00e7\u00e3o Cognitiva<\/strong> <\/em><\/p>\n<p>Organizadoras: Claudia Fontalva Jacintho, Mathaus Martins Santos, Michelle Cristine da Silva Modesto, Pedro Gimenes Camargo, Pedro Monteiro Bedoian, Tha\u00edsy Midori Sunada Rosa, Andreia Silva da Mata e Maria Adelina Fran\u00e7a<\/p>\n","protected":false},"excerpt":{"rendered":"<p><strong>Caderno de Exerc\u00edcios de Estimula\u00e7\u00e3o Cognitiva est\u00e1 dispon\u00edvel gratuitamente<\/strong><\/p>\n<p><em>Este caderno de exerc\u00edcios, dispon\u00edvel gratuitamente, \u00e9 um recurso pedag\u00f3gico que ajuda na estimula\u00e7\u00e3o cognitiva de pessoas idosas, alfabetizadas ou n\u00e3o. <\/em><\/p>\n<p>&nbsp;<\/p>\n<p>Este e-book gratuito de exerc\u00edcios de estimula\u00e7\u00e3o cognitiva foi elaborado por alunos do curso de Psicologia da Universidade Anhembi Morumbi (S\u00e3o Paulo) para a unidade curricular de Desenvolvimento Humano, sob supervis\u00e3o das professoras Dra. Andreia Silva da Mata e Dra. Maria Adelina Fran\u00e7a.<\/p>\n<p>Para a confec\u00e7\u00e3o deste material, realizamos a coleta de outros materiais e e-books extra\u00eddos da internet e, em seguida, adaptamos esses materiais para que melhor servissem ao nosso prop\u00f3sito, qual seja, organizar um caderno de exerc\u00edcios que pudesse ajudar na estimula\u00e7\u00e3o cognitiva de idosos, sendo estes alfabetizados ou n\u00e3o. Todas as devidas refer\u00eancias dos materiais utilizados encontram-se no final deste e-book.<\/p>\n<p><strong>Inicialmente<\/strong> o caderno traz uma apresenta\u00e7\u00e3o dos <strong>principais conceitos relacionados \u00e0s fun\u00e7\u00f5es cognitivas<\/strong>, como por exemplo, a mem\u00f3ria, linguagem, aten\u00e7\u00e3o, fun\u00e7\u00f5es executivas, coordena\u00e7\u00e3o motora e percep\u00e7\u00e3o visuoespacial, relacionando-os ao conceito de estimula\u00e7\u00e3o cognitiva.<\/p>\n<p>As atividades aqui reunidas t\u00eam como objetivo ajudar as pessoas idosas a exercitarem o racioc\u00ednio, a linguagem, a mem\u00f3ria e tantas outras fun\u00e7\u00f5es cognitivas importantes para a melhora da qualidade de vida da popula\u00e7\u00e3o idosa.<\/p>\n<p>&nbsp;<\/p>\n<hr \/>\n<h5>OBS: Se voc\u00ea \u00e9 um\/a profissional que atua com estimula\u00e7\u00e3o cognitiva com pessoas idosas, d\u00ea uma olhada no nosso curso online ao vivo Estimula\u00e7\u00e3o Cognitiva na pr\u00e1tica: <span style=\"color: #3366ff;\"><a style=\"color: #3366ff;\" href=\"https:\/\/edicoes.portaldoenvelhecimento.com.br\/novo\/course\/estimulacao-cognitiva\/\">https:\/\/edicoes.portaldoenvelhecimento.com.br\/novo\/course\/estimulacao-cognitiva\/<\/a><\/span><\/h5>\n<hr \/>\n<p>&nbsp;<\/p>\n<p><strong>Para baixar o arquivo, clique em \u00ab adicionar ao carrinho \u00bb, mas na\u0303o se preocupe, o site na\u0303o pedir\u00e1 nenhuma informac\u0327a\u0303o de pagamento!<\/strong><\/p>\n<p>&nbsp;<\/p>\n","protected":false},"featured_media":18545,"comment_status":"open","ping_status":"closed","template":"","meta":{"_bbp_topic_count":0,"_bbp_reply_count":0,"_bbp_total_topic_count":0,"_bbp_total_reply_count":0,"_bbp_voice_count":0,"_bbp_anonymous_reply_count":0,"_bbp_topic_count_hidden":0,"_bbp_reply_count_hidden":0,"_bbp_forum_subforum_count":0,"pmpro_default_level":""},"product_brand":[],"product_cat":[88],"product_tag":[70,87],"class_list":{"0":"post-18544","1":"product","2":"type-product","3":"status-publish","4":"has-post-thumbnail","6":"product_cat-e-books-gratis-2","7":"product_tag-ebook","8":"product_tag-e-books-gratis","9":"pmpro-has-access","11":"first","12":"instock","13":"downloadable","14":"virtual","15":"purchasable","16":"product-type-simple"},"_links":{"self":[{"href":"https:\/\/edicoes.portaldoenvelhecimento.com.br\/novo\/wp-json\/wp\/v2\/product\/18544","targetHints":{"allow":["GET"]}}],"collection":[{"href":"https:\/\/edicoes.portaldoenvelhecimento.com.br\/novo\/wp-json\/wp\/v2\/product"}],"about":[{"href":"https:\/\/edicoes.portaldoenvelhecimento.com.br\/novo\/wp-json\/wp\/v2\/types\/product"}],"replies":[{"embeddable":true,"href":"https:\/\/edicoes.portaldoenvelhecimento.com.br\/novo\/wp-json\/wp\/v2\/comments?post=18544"}],"version-history":[{"count":8,"href":"https:\/\/edicoes.portaldoenvelhecimento.com.br\/novo\/wp-json\/wp\/v2\/product\/18544\/revisions"}],"predecessor-version":[{"id":39580,"href":"https:\/\/edicoes.portaldoenvelhecimento.com.br\/novo\/wp-json\/wp\/v2\/product\/18544\/revisions\/39580"}],"wp:featuredmedia":[{"embeddable":true,"href":"https:\/\/edicoes.portaldoenvelhecimento.com.br\/novo\/wp-json\/wp\/v2\/media\/18545"}],"wp:attachment":[{"href":"https:\/\/edicoes.portaldoenvelhecimento.com.br\/novo\/wp-json\/wp\/v2\/media?parent=18544"}],"wp:term":[{"taxonomy":"product_brand","embeddable":true,"href":"https:\/\/edicoes.portaldoenvelhecimento.com.br\/novo\/wp-json\/wp\/v2\/product_brand?post=18544"},{"taxonomy":"product_cat","embeddable":true,"href":"https:\/\/edicoes.portaldoenvelhecimento.com.br\/novo\/wp-json\/wp\/v2\/product_cat?post=18544"},{"taxonomy":"product_tag","embeddable":true,"href":"https:\/\/edicoes.portaldoenvelhecimento.com.br\/novo\/wp-json\/wp\/v2\/product_tag?post=18544"}],"curies":[{"name":"wp","href":"https:\/\/api.w.org\/{rel}","templated":true}]}}