{"id":16109,"date":"2025-11-24T10:05:50","date_gmt":"2025-11-24T13:05:50","guid":{"rendered":"https:\/\/edicoes.portaldoenvelhecimento.com.br\/novo\/?post_type=product&#038;p=16109"},"modified":"2026-04-25T11:07:19","modified_gmt":"2026-04-25T14:07:19","slug":"combo-todos-os-e-books","status":"publish","type":"product","link":"https:\/\/edicoes.portaldoenvelhecimento.com.br\/novo\/produto\/combo-todos-os-e-books\/","title":{"rendered":"COMBO TODOS OS E-BOOKS &#8211; Sua Biblioteca Completa Sobre Envelhecimento (+110 e-books)"},"content":{"rendered":"<p><strong>67 livros em formato de e-books e 54 cartilhas, cadernos e guias pedag\u00f3gicos<\/strong><\/p>\n<p><strong>TEMAS ABORDADOS<\/strong><\/p>\n<ul>\n<li class=\"_04xlpA direction-ltr align-justify para-style-body\"><span class=\"S1PPyQ\">ALZHEIMER<\/span><\/li>\n<li>ASPECTOS PSICOL\u00d3GICOS DO ENVELHECIMENTO<\/li>\n<li class=\"_04xlpA direction-ltr align-justify para-style-body\"><span class=\"S1PPyQ\">CUIDADOS VOLTADOS AO P\u00daBLICO 60+<\/span><\/li>\n<li class=\"_04xlpA direction-ltr align-justify para-style-body\"><span class=\"S1PPyQ\">FINITUDE<\/span><\/li>\n<li class=\"_04xlpA direction-ltr align-justify para-style-body\"><span class=\"S1PPyQ\">LONGEVIVER E POL\u00cdTICAS<\/span><\/li>\n<li>GERONTOLOGIA E TRANSDISCIPLINARIDADE<\/li>\n<li class=\"_04xlpA direction-ltr align-justify para-style-body\"><span class=\"S1PPyQ\">INTERGERACIONALIDADE<\/span><\/li>\n<li class=\"_04xlpA direction-ltr align-justify para-style-body\"><span class=\"S1PPyQ\">MORADIA<\/span><\/li>\n<li class=\"_04xlpA direction-ltr align-justify para-style-body\"><span class=\"S1PPyQ\">CADERNOS DE ATIVIDADES &#8211; ESTIMULA\u00c7\u00c3O COGNITIVA<\/span><\/li>\n<li class=\"_04xlpA direction-ltr align-justify para-style-body\"><span class=\"S1PPyQ\">MEM\u00d3RIA<\/span><\/li>\n<li class=\"_04xlpA direction-ltr align-justify para-style-body\"><span class=\"S1PPyQ\">MODA 60+<\/span><\/li>\n<li>GOLPES CONTRA A PESSOA IDOSA<\/li>\n<li class=\"_04xlpA direction-ltr align-justify para-style-body\"><span class=\"S1PPyQ\">SEXUALIDADE E LONGEVIDADE<\/span><\/li>\n<li class=\"_04xlpA direction-ltr align-justify para-style-body\"><span class=\"S1PPyQ\">LITERATURA<\/span><\/li>\n<li class=\"_04xlpA direction-ltr align-justify para-style-body\"><span class=\"S1PPyQ\">ENVELHECIMENTO NO BRASIL (URBANO E RURAL)<\/span><\/li>\n<li class=\"_04xlpA direction-ltr align-justify para-style-body\"><span class=\"S1PPyQ\">CORPO E VELHICE<\/span><\/li>\n<li class=\"_04xlpA direction-ltr align-justify para-style-body\"><span class=\"S1PPyQ\">CURATELA<\/span><\/li>\n<li class=\"_04xlpA direction-ltr align-justify para-style-body\"><span class=\"S1PPyQ\">ENVELHECIMENTO ATIVO<\/span><\/li>\n<li class=\"_04xlpA direction-ltr align-justify para-style-body\"><span class=\"S1PPyQ\">IDOSOS 80+<\/span><\/li>\n<li>VULNERABILIDADE HUMANA<\/li>\n<li>CUIDADOR FAMILIAR E DE ILPIs<\/li>\n<li>AGE\u00cdSMO\/IDADISMO<\/li>\n<li>EMPREGABILIDADE 50+<\/li>\n<li>DIREITOS HUMANOS DA PESSOA IDOSA<\/li>\n<li>BLUE ZONES &#8211; CENTEN\u00c1RIOS PELO MUNDO<\/li>\n<\/ul>\n<p>&nbsp;<\/p>\n<p>TODOS OS T\u00cdTULOS<\/p>\n<p><strong>LIVROS NO FORMATO DIGITAL (E-BOOK):<\/strong><\/p>\n<p>1 Envelhecer com Fibromialgia<\/p>\n<p>2 Vulnerabilidade Humana e Envelhecimento<\/p>\n<p>3 Habita\u00e7\u00e3o e Cidade para um Envelhecimento Digno<\/p>\n<p>4 Alzheimer: identificar, cuidar, estimular<\/p>\n<p>5 Gerontologia e Transdisciplinaridade I<\/p>\n<p><span class=\"selectable-text copyable-text\">6 Gerontologia e Transdisciplinaridade II<\/span><\/p>\n<p>7 Labirintos da Mem\u00f3ria<\/p>\n<p>8 O Alem\u00e3o Veio nos Visitar<\/p>\n<p>9 Depress\u00e3o e Perd\u00e3o<\/p>\n<p>10 Tecendo o chamado de Atena e Aracne (30 proposta de atividades)<\/p>\n<p>11 O Envelhecer Diante da Amea\u00e7a de Morte e do Desejo de Vida<\/p>\n<p>12 Envelhecimento com Depend\u00eancia<\/p>\n<p>13 Vestir com os Desafios do Envelhecimento<\/p>\n<p>14 Envelhecimento e Cuidados<\/p>\n<p>15 O Cuidador do Idoso em ILPI<\/p>\n<p class=\"selectable-text copyable-text iq0m558w\" dir=\"ltr\"><span class=\"selectable-text copyable-text\">16 Intergeracionalidade: Cartas na Mesa<\/span><\/p>\n<p class=\"selectable-text copyable-text iq0m558w\" dir=\"ltr\"><span class=\"selectable-text copyable-text\">17 Fios da Meada e Colcha de Retalhos (2 Livros em 1)<\/span><\/p>\n<p class=\"selectable-text copyable-text iq0m558w\" dir=\"ltr\"><span class=\"selectable-text copyable-text\">18 O Alem\u00e3o Pegou o Bonde<\/span><\/p>\n<p class=\"selectable-text copyable-text iq0m558w\" dir=\"ltr\"><span class=\"selectable-text copyable-text\">19 Po\u00e9tica da Velhice (propostas de atividades)<\/span><\/p>\n<p class=\"selectable-text copyable-text iq0m558w\" dir=\"ltr\"><span class=\"selectable-text copyable-text\">20 Narrar \u00e9 Longeviver (S\u00e9rie LongeViver &#8211; Mem\u00f3rias L\u00fadicas)<\/span><\/p>\n<p class=\"selectable-text copyable-text iq0m558w\" dir=\"ltr\"><span class=\"selectable-text copyable-text\">21 Narrar el Envejecimiento Desde la Identidad<\/span><\/p>\n<p class=\"selectable-text copyable-text iq0m558w\" dir=\"ltr\"><span class=\"selectable-text copyable-text\">22 Longevidade: como vivem os idosos acima dos 80<\/span><\/p>\n<p class=\"selectable-text copyable-text iq0m558w\" dir=\"ltr\"><span class=\"selectable-text copyable-text\">23 Sexualidade e Longevidade: A Ess\u00eancia da Maturidade<\/span><\/p>\n<p class=\"selectable-text copyable-text iq0m558w\" dir=\"ltr\"><span class=\"selectable-text copyable-text\">24 Corpo e Velhice<\/span><\/p>\n<p class=\"selectable-text copyable-text iq0m558w\" dir=\"ltr\"><span class=\"selectable-text copyable-text\">25 60+ &#8211; Direitos, Desafios e Perspectivas<\/span><\/p>\n<p class=\"selectable-text copyable-text iq0m558w\" dir=\"ltr\"><span class=\"selectable-text copyable-text\">26 Din\u00e2micas de Grupo para Idosos \u2013 Atividades que Estimulam e Divertem<\/span><\/p>\n<p class=\"selectable-text copyable-text iq0m558w\" dir=\"ltr\"><span class=\"selectable-text copyable-text\">27 Envelhecimento Artivo<\/span><\/p>\n<p class=\"selectable-text copyable-text iq0m558w\" dir=\"ltr\"><span class=\"selectable-text copyable-text\">28 O Corpo Envelhescente: Percep\u00e7\u00f5es de Mulheres a Partir dos 40 Anos<\/span><\/p>\n<p class=\"selectable-text copyable-text iq0m558w\" dir=\"ltr\"><span class=\"selectable-text copyable-text\">29 Curatela: Perguntas e Respostas<\/span><\/p>\n<p class=\"selectable-text copyable-text iq0m558w\" dir=\"ltr\"><span class=\"selectable-text copyable-text\">30 Pr\u00eamio Arte e Literatura USP 60+<\/span><\/p>\n<p class=\"selectable-text copyable-text iq0m558w\" dir=\"ltr\"><span class=\"selectable-text copyable-text\">31 Mem\u00f3rias L\u00fadicas: ABCed\u00e1rio de Autores (S\u00e9rie LongeViver &#8211; Mem\u00f3rias L\u00fadicas)<\/span><\/p>\n<p class=\"selectable-text copyable-text iq0m558w\" dir=\"ltr\"><span class=\"selectable-text copyable-text\">32 Mem\u00f3rias L\u00fadicas em Tempo de Pandemia (S\u00e9rie LongeViver &#8211; Mem\u00f3rias L\u00fadicas)<\/span><\/p>\n<p class=\"selectable-text copyable-text iq0m558w\" dir=\"ltr\"><span class=\"selectable-text copyable-text\">33 2020: O Ano em que o Mundo se Afetou (S\u00e9rie LongeViver &#8211; Mem\u00f3rias L\u00fadicas)<\/span><\/p>\n<p class=\"selectable-text copyable-text iq0m558w\" dir=\"ltr\"><span class=\"selectable-text copyable-text\">34 Resson\u00e2ncia dos Acordes: Contos e Cr\u00f4nicas<\/span><\/p>\n<p class=\"selectable-text copyable-text iq0m558w\" dir=\"ltr\"><span class=\"selectable-text copyable-text\">35 Sacudindo a Mem\u00f3ria: Tempos de Tessituras Intergeracionais<\/span><\/p>\n<p class=\"selectable-text copyable-text iq0m558w\" dir=\"ltr\"><span class=\"selectable-text copyable-text\">36 Filhas da M\u00e3e Com Muito Orgulho: Apesar da Pandemia e das Dem\u00eancias<\/span><\/p>\n<p class=\"selectable-text copyable-text iq0m558w\" dir=\"ltr\"><span class=\"selectable-text copyable-text\">37 Envelhecimento no Brasil \u2013 Legado Tomiko Born<\/span><\/p>\n<p class=\"selectable-text copyable-text iq0m558w\" dir=\"ltr\"><span class=\"selectable-text copyable-text\">38 A Pessoa Idosa na Cidade de S\u00e3o Paulo<\/span><\/p>\n<p class=\"selectable-text copyable-text iq0m558w\" dir=\"ltr\"><span class=\"selectable-text copyable-text\">39 Longeviver e Grupos: Subs\u00eddios para Profissionais, Educadores e Pesquisadores<\/span><\/p>\n<p class=\"selectable-text copyable-text iq0m558w\" dir=\"ltr\"><span class=\"selectable-text copyable-text\">40 Longeviver, Pol\u00edticas e Mercado<\/span><\/p>\n<p class=\"selectable-text copyable-text iq0m558w\" dir=\"ltr\"><span class=\"selectable-text copyable-text\">41 Envelhecimento Ativo<\/span><\/p>\n<p dir=\"ltr\"><span class=\"selectable-text copyable-text\">42 Reproposta (S\u00e9rie LongeViver &#8211; Mem\u00f3rias L\u00fadicas)<\/span><\/p>\n<p>43 Escrita L\u00fadica &#8211; Do Imagin\u00e1rio Persistente (S\u00e9rie LongeViver &#8211; Mem\u00f3rias L\u00fadicas)<\/p>\n<p dir=\"ltr\">44 Biografar &#8211; Hist\u00f3rias de vida (In)comum (S\u00e9rie LongeViver &#8211; Mem\u00f3rias L\u00fadicas)<\/p>\n<p dir=\"ltr\">45 Escrita Autoral &#8211; Ruas de Nossa Vida (S\u00e9rie LongeViver &#8211; Mem\u00f3rias L\u00fadicas)<\/p>\n<p dir=\"ltr\">46 Tecendo Teias Neuronais (37 Atividades e Mais de 100 Desafios)<\/p>\n<p dir=\"ltr\">47 Gest\u00e3o em ILPI &#8211; Pessoa Idosa Institucionalizada<\/p>\n<p dir=\"ltr\">48 Sagas da Viagem (S\u00e9rie LongeViver &#8211; Mem\u00f3rias L\u00fadicas)<\/p>\n<p dir=\"ltr\">49 Alzheimer &#8211; Conhecer Para Cuidar<\/p>\n<p dir=\"ltr\">50 Empregabilidade 50+<\/p>\n<p dir=\"ltr\">51 Envelhecer com Futuro I (Edital IVM)<\/p>\n<p dir=\"ltr\">52 T\u00f3picos de Gest\u00e3o de Organiza\u00e7\u00f5es de Sa\u00fade<\/p>\n<p dir=\"ltr\">53 Gerontologia Social (PUC-SP) &#8211; Legado de Suzana Medeiros aos Estudos do Envelhecimento<\/p>\n<p dir=\"ltr\">54 Envelhecimento Rural<\/p>\n<p dir=\"ltr\">55 O Alem\u00e3o Voltou Para Casa<\/p>\n<p dir=\"ltr\">56 Longevidade Intencional<\/p>\n<p dir=\"ltr\">57 Narrar el Envejecimiento<\/p>\n<p dir=\"ltr\">58 Envelhecer com Futuro II (Edital IVM)<\/p>\n<p dir=\"ltr\">59 Velhice \u00e9 Moda; Velhice e Moda; Velhice na Moda<\/p>\n<p dir=\"ltr\">60 Golpes Contra a Pessoa Idosa<\/p>\n<p dir=\"ltr\">61 Criatividade nos Cotidianos Escolares<\/p>\n<p dir=\"ltr\">62 As Aventuras Planet\u00e1rias de Liam e Arthur Contra o Malvado Idadismo (livro infantojuvenil)<\/p>\n<p dir=\"ltr\">63 Da Tela \u00e0 Palavra &#8211; Mem\u00f3rias L\u00fadicas<\/p>\n<p dir=\"ltr\">64 Empreendedorismo 60 +<\/p>\n<p dir=\"ltr\">65 Unati &#8211; Experi\u00eancia que Transforma Vidas<\/p>\n<p dir=\"ltr\">66 Envelhecer com Futuro III<\/p>\n<p dir=\"ltr\">67 Repensando Atitudes &#8211; Sa\u00fade Mental na Maturidade<\/p>\n<p class=\"selectable-text copyable-text iq0m558w\" dir=\"ltr\"><strong><span class=\"selectable-text copyable-text\">CADERNOS PEDAG\u00d3GICOS, DE ATIVIDADES, GUIAS, CARTILHAS ETC.:<\/span><\/strong><\/p>\n<p class=\"selectable-text copyable-text iq0m558w\" dir=\"ltr\"><span class=\"selectable-text copyable-text\">1 Caderno Virtual \u2013 Exerc\u00edcios para Estimular a Mente (Vol. 1)<\/span><\/p>\n<p class=\"selectable-text copyable-text iq0m558w\" dir=\"ltr\"><span class=\"selectable-text copyable-text\">2 Caderno Virtual &#8211; Atividades de Arte: Os Impressionistas<\/span><\/p>\n<p class=\"selectable-text copyable-text iq0m558w\" dir=\"ltr\"><span class=\"selectable-text copyable-text\">3 Caderno Virtual: Can\u00e7\u00f5es para Colorir e Cantar \u2013 Adoniran Barbosa<\/span><\/p>\n<p class=\"selectable-text copyable-text iq0m558w\" dir=\"ltr\"><span class=\"selectable-text copyable-text\">4 Caderno Virtual: Can\u00e7\u00f5es para Colorir e Cantar \u2013 Dorival Caymmi<\/span><\/p>\n<p class=\"selectable-text copyable-text iq0m558w\" dir=\"ltr\"><span class=\"selectable-text copyable-text\">5 Ansiedade e Depress\u00e3o em Idosos Durante a Pandemia \u2013 Sugest\u00f5es de Interven\u00e7\u00f5es<\/span><\/p>\n<p class=\"selectable-text copyable-text iq0m558w\" dir=\"ltr\"><span class=\"selectable-text copyable-text\">6 Cartilha \u2013 A Jornada do Usu\u00e1rio<\/span><\/p>\n<p class=\"selectable-text copyable-text iq0m558w\" dir=\"ltr\"><span class=\"selectable-text copyable-text\">7 Alzheimer: O Cotidiano da Doen\u00e7a<\/span><\/p>\n<p class=\"selectable-text copyable-text iq0m558w\" dir=\"ltr\"><span class=\"selectable-text copyable-text\">8 Estatuto do Idoso \u2013 4\u00aa Edi\u00e7\u00e3o (02\/2020)<\/span><\/p>\n<p class=\"selectable-text copyable-text iq0m558w\" dir=\"ltr\"><span class=\"selectable-text copyable-text\">9 Caderno Virtual: 7 Atividades para Curtir os Momentos em Casa (para vov\u00f3s e vov\u00f4s)<\/span><\/p>\n<p class=\"selectable-text copyable-text iq0m558w\" dir=\"ltr\"><span class=\"selectable-text copyable-text\">10 Caderno Virtual Parte II: +7 Atividades para Curtir os Momentos em Casa com Arte<\/span><\/p>\n<p class=\"selectable-text copyable-text iq0m558w\" dir=\"ltr\"><span class=\"selectable-text copyable-text\">11 Caderno Virtual: Desenho e Poesia \u2013 Paulo Leminski, Mario Quintana e Carlos Drummond\u00a0<\/span><\/p>\n<p class=\"selectable-text copyable-text iq0m558w\" dir=\"ltr\"><span class=\"selectable-text copyable-text\">12 Envelhecimento &amp; Cinema \u2013 Cat\u00e1logo Virtual de Filmes Ref. \u00e0 Velhice e Intergeracionalidade<\/span><\/p>\n<p class=\"selectable-text copyable-text iq0m558w\" dir=\"ltr\"><span class=\"selectable-text copyable-text\">13 Cuidando em Casa: Guia B\u00e1sico do Cuidado ao Idoso<\/span><\/p>\n<p class=\"selectable-text copyable-text iq0m558w\" dir=\"ltr\"><span class=\"selectable-text copyable-text\">14 Avosidade em A\u00e7\u00e3o: Caderno Pedag\u00f3gico<\/span><\/p>\n<p class=\"selectable-text copyable-text iq0m558w\" dir=\"ltr\"><span class=\"selectable-text copyable-text\">15 Intergeracionalidade: Prevenc\u0327a\u0303o ao Idadismo e Construc\u0327a\u0303o de uma Soc. para Todas as Idades<\/span><\/p>\n<p class=\"selectable-text copyable-text iq0m558w\" dir=\"ltr\"><span class=\"selectable-text copyable-text\">16 Cartilha: Introdu\u00e7\u00e3o ao Mundo Conectado<\/span><\/p>\n<p class=\"selectable-text copyable-text iq0m558w\" dir=\"ltr\"><span class=\"selectable-text copyable-text\">17 Cartilha: O Universo da Informa\u00e7\u00e3o<\/span><\/p>\n<p class=\"selectable-text copyable-text iq0m558w\" dir=\"ltr\"><span class=\"selectable-text copyable-text\">18 Cartilha: Muito Al\u00e9m da Fake News<\/span><\/p>\n<p class=\"selectable-text copyable-text iq0m558w\" dir=\"ltr\"><span class=\"selectable-text copyable-text\">19 Cartilha: Quem Sou Eu nas Redes Sociais<\/span><\/p>\n<p class=\"selectable-text copyable-text iq0m558w\" dir=\"ltr\"><span class=\"selectable-text copyable-text\">20 Cartilha: Golpes na Internet<\/span><\/p>\n<p class=\"selectable-text copyable-text iq0m558w\" dir=\"ltr\"><span class=\"selectable-text copyable-text\">21 Cartilha: Viol\u00eancia Contra a Pessoa Idosa<\/span><\/p>\n<p class=\"selectable-text copyable-text iq0m558w\" dir=\"ltr\"><span class=\"selectable-text copyable-text\">22 Caderno Pedag\u00f3gico: Viol\u00eancia Contra a Pessoa Idosa \u2013 \u00c9 hora de dizer basta!<\/span><\/p>\n<p class=\"selectable-text copyable-text iq0m558w\" dir=\"ltr\"><span class=\"selectable-text copyable-text\">23 Livro dos Afetos: Homenagem \u00e0 Cremilda Medina<\/span><\/p>\n<p class=\"selectable-text copyable-text iq0m558w\" dir=\"ltr\"><span class=\"selectable-text copyable-text\">24 Caderno Pedag\u00f3gico: Hist\u00f3rias e Mem\u00f3rias<\/span><\/p>\n<p class=\"selectable-text copyable-text iq0m558w\" dir=\"ltr\"><span class=\"selectable-text copyable-text\">25 Cartilha: Direitos da Pessoa Idosa<\/span><\/p>\n<p class=\"selectable-text copyable-text iq0m558w\" dir=\"ltr\"><span class=\"selectable-text copyable-text\">26 Cartilha: Age\u00edsmo e a Pr\u00e1tica Profissional da\/o Psic\u00f3logo<\/span><\/p>\n<p class=\"selectable-text copyable-text iq0m558w\" dir=\"ltr\"><span class=\"selectable-text copyable-text\">27 Isso n\u00e3o \u00e9 Coisa de Velho(a)!<\/span><\/p>\n<p class=\"selectable-text copyable-text iq0m558w\" dir=\"ltr\"><span class=\"selectable-text copyable-text\">28 Vidas Idosas Importam: Relat\u00f3rio Anual 2020- 2021<\/span><\/p>\n<p class=\"selectable-text copyable-text iq0m558w\" dir=\"ltr\"><span class=\"selectable-text copyable-text\">29 Cartilha: Busca e Algoritmo<\/span><\/p>\n<p class=\"selectable-text copyable-text iq0m558w\" dir=\"ltr\"><span class=\"selectable-text copyable-text\">30 Cartilha: Informa\u00e7\u00e3o nas Elei\u00e7\u00f5es<\/span><\/p>\n<p dir=\"ltr\">31 Caderno: Estimula\u00e7\u00e3o Cognitiva \u2013 Caderno de Exerc\u00edcios<\/p>\n<p dir=\"ltr\">32 Caderno: Educa\u00e7\u00e3o para o Envelhecimento \u2013 Tem\u00e1tica Urgente e Necess\u00e1ria<\/p>\n<p dir=\"ltr\">33 Cartilha &#8211; Isolamento Social Entre Pessoas Idosas<\/p>\n<p dir=\"ltr\">34 Mem\u00f3rias de Protagonismo e Resist\u00eancia<\/p>\n<p dir=\"ltr\">35 A Universidade e o Envelhecimento Populacional<\/p>\n<p dir=\"ltr\">36 Gentileza de Ser &#8211; Vidas Idosas Importam<\/p>\n<p dir=\"ltr\">37 Guia Did\u00e1tico &#8211; Envelhecimento e Educa\u00e7\u00e3o Profissional e Tecnologia<\/p>\n<p dir=\"ltr\">38 O Que \u00c9 &#8211; Conceitos B\u00e1sicos para Entender o Envelhecimento<\/p>\n<p dir=\"ltr\">39 Manual dos Ativistas dos Direitos Humanos da Pessoa Idosa<\/p>\n<p dir=\"ltr\">40 Intelig\u00eancia Artificial no Dia a Dia<\/p>\n<p dir=\"ltr\">41 O Trabalho Humanizado em ILPI<\/p>\n<p dir=\"ltr\">42 Verbetes &#8211; Velhices Plurais<\/p>\n<p dir=\"ltr\">43 I Congresso Int. Envelhecer com Futuro &#8211; CIEF (Cat\u00e1logo de Pesquisas)<\/p>\n<p dir=\"ltr\">44 Cole\u00e7\u00e3o Gibis Educativos &#8220;Gera\u00e7\u00e3o Prateada&#8221; &#8211; Gibi 1: Idadismo e Estatuto da Pessoa Idosa<\/p>\n<p dir=\"ltr\">45 Cole\u00e7\u00e3o Gibis Educativos &#8220;Gera\u00e7\u00e3o Prateada&#8221; &#8211; Gibi 2: Conselhos de Direitos da Pessoa Idosa<\/p>\n<p dir=\"ltr\">46 Cole\u00e7\u00e3o Gibis Educativos &#8220;Gera\u00e7\u00e3o Prateada&#8221; &#8211; Gibi 3: Fundo da Pessoa Idosa<\/p>\n<p dir=\"ltr\">47 Cartilha Ressignificando a Velhice nas Escolas &#8211; Cole\u00e7\u00e3o Gibis Educativos &#8220;Gera\u00e7\u00e3o Prateada&#8221;<\/p>\n<p dir=\"ltr\">48 Ressignifica\u00e7\u00e3o da velhice no SUAS<\/p>\n<p dir=\"ltr\">49 Prepara\u00e7\u00e3o Financeira para a Aposentadoria<\/p>\n<p dir=\"ltr\">50 \u00c1guas de Maio &#8211; A tens\u00e3o Entre o Cuidado e a Desprote\u00e7\u00e3o da Popula\u00e7\u00e3o 60+<\/p>\n<p dir=\"ltr\">51 Cat\u00e1logo de Pesquisa II &#8211; CIEF<\/p>\n<p dir=\"ltr\">52 Autismo e Envelhecimento<\/p>\n<p dir=\"ltr\">53 Interven\u00e7\u00f5es Psicossociais com Pessoas Idosas no SUAS<\/p>\n<p dir=\"ltr\">54 Apelo Global Pela Dignidade de Todos<\/p>\n<p><strong>Mais informa\u00e7\u00f5es sobre cada livro:<\/strong><\/p>\n<p><span style=\"color: #0000ff;\"><a style=\"color: #0000ff;\" href=\"https:\/\/edicoes.portaldoenvelhecimento.com.br\/novo\/categoria-produto\/todos-livros\/\">https:\/\/edicoes.portaldoenvelhecimento.com.br\/novo\/categoria-produto\/todos-livros\/<\/a><\/span><\/p>\n<p><strong>Mais informa\u00e7\u00f5es sobre cartilhas e cadernos pedag\u00f3gicos:<\/strong><\/p>\n<p><span style=\"color: #0000ff;\"><a style=\"color: #0000ff;\" href=\"https:\/\/edicoes.portaldoenvelhecimento.com.br\/novo\/categoria-produto\/e-books-gratis-2\/\">https:\/\/edicoes.portaldoenvelhecimento.com.br\/novo\/categoria-produto\/e-books-gratis-2\/<\/a><\/span><\/p>\n","protected":false},"excerpt":{"rendered":"<p><strong>Combo com 121 itens (67 e-books &#8211; livros publicados pelo Portal Edi\u00e7\u00f5es &#8211; e 54 cartilhas, cadernos e guias pedag\u00f3gicos!)<\/strong><\/p>\n<p><strong><del>R$ 815,10<\/del> -&gt; R$ 99,90<\/strong><\/p>\n<div dir=\"auto\">\n<p>Com aproximadamente R$1,00 por publica\u00e7\u00e3o voc\u00ea ter\u00e1, ao alcance de um clic, a mais completa biblioteca virtual sobre Gerontologia Social que algu\u00e9m possa imaginar. Fonte inesgot\u00e1vel de pesquisa sobre o envelhecimento com livros que abordam <strong>Alzheimer<\/strong> e outras dem\u00eancias; <strong>Psicologia do Envelhecimento<\/strong>;\u00a0 <strong>Atividades<\/strong> para pessoas idosas (<strong>f\u00edsicas<\/strong> <strong>e<\/strong> <strong>cognitivas<\/strong>); aspectos do <strong>Envelhecimento Ativo;<\/strong> Sexualidade; Arte no Envelhecer; <strong>Cuidados<\/strong> e Cuidadores de idosos (profissionais e familiares); as mil faces da <strong>Mem\u00f3ria;<\/strong>\u00a0o <strong>Corpo<\/strong> e suas Transforma\u00e7\u00f5es; <strong>Finitude;<\/strong> e, principalmente, <strong>subs\u00eddios para profissionais<\/strong> que atuam com o p\u00fablico 60+ em todas as \u00e1reas.<\/p>\n<p><strong>A mais completa biblioteca sobre o Envelhecimento Humano.<\/strong><\/p>\n<p>Comprando este produto voc\u00ea ainda colabora com o nosso trabalho para levar ao grande p\u00fablico informa\u00e7\u00e3o de qualidade sobre o envelhecimento!<\/p>\n<\/div>\n<div dir=\"auto\">\n<p>Confira todos os t\u00edtulos na descri\u00e7\u00e3o do produto abaixo.<\/p>\n<\/div>\n","protected":false},"featured_media":39286,"comment_status":"open","ping_status":"closed","template":"","meta":{"_bbp_topic_count":0,"_bbp_reply_count":0,"_bbp_total_topic_count":0,"_bbp_total_reply_count":0,"_bbp_voice_count":0,"_bbp_anonymous_reply_count":0,"_bbp_topic_count_hidden":0,"_bbp_reply_count_hidden":0,"_bbp_forum_subforum_count":0,"pmpro_default_level":""},"product_brand":[],"product_cat":[67,71,69],"product_tag":[68],"class_list":{"0":"post-16109","1":"product","2":"type-product","3":"status-publish","4":"has-post-thumbnail","6":"product_cat-ebooks","7":"product_cat-promocoes","8":"product_cat-todos-livros","9":"product_tag-livros","10":"pmpro-has-access","12":"first","13":"instock","14":"sale","15":"downloadable","16":"virtual","17":"purchasable","18":"product-type-simple"},"_links":{"self":[{"href":"https:\/\/edicoes.portaldoenvelhecimento.com.br\/novo\/wp-json\/wp\/v2\/product\/16109","targetHints":{"allow":["GET"]}}],"collection":[{"href":"https:\/\/edicoes.portaldoenvelhecimento.com.br\/novo\/wp-json\/wp\/v2\/product"}],"about":[{"href":"https:\/\/edicoes.portaldoenvelhecimento.com.br\/novo\/wp-json\/wp\/v2\/types\/product"}],"replies":[{"embeddable":true,"href":"https:\/\/edicoes.portaldoenvelhecimento.com.br\/novo\/wp-json\/wp\/v2\/comments?post=16109"}],"version-history":[{"count":90,"href":"https:\/\/edicoes.portaldoenvelhecimento.com.br\/novo\/wp-json\/wp\/v2\/product\/16109\/revisions"}],"predecessor-version":[{"id":40762,"href":"https:\/\/edicoes.portaldoenvelhecimento.com.br\/novo\/wp-json\/wp\/v2\/product\/16109\/revisions\/40762"}],"wp:featuredmedia":[{"embeddable":true,"href":"https:\/\/edicoes.portaldoenvelhecimento.com.br\/novo\/wp-json\/wp\/v2\/media\/39286"}],"wp:attachment":[{"href":"https:\/\/edicoes.portaldoenvelhecimento.com.br\/novo\/wp-json\/wp\/v2\/media?parent=16109"}],"wp:term":[{"taxonomy":"product_brand","embeddable":true,"href":"https:\/\/edicoes.portaldoenvelhecimento.com.br\/novo\/wp-json\/wp\/v2\/product_brand?post=16109"},{"taxonomy":"product_cat","embeddable":true,"href":"https:\/\/edicoes.portaldoenvelhecimento.com.br\/novo\/wp-json\/wp\/v2\/product_cat?post=16109"},{"taxonomy":"product_tag","embeddable":true,"href":"https:\/\/edicoes.portaldoenvelhecimento.com.br\/novo\/wp-json\/wp\/v2\/product_tag?post=16109"}],"curies":[{"name":"wp","href":"https:\/\/api.w.org\/{rel}","templated":true}]}}