{"id":34499,"date":"2025-08-09T21:37:41","date_gmt":"2025-08-10T00:37:41","guid":{"rendered":"https:\/\/edicoes.portaldoenvelhecimento.com.br\/novo\/?post_type=lp_course&#038;p=34499"},"modified":"2025-12-22T19:40:54","modified_gmt":"2025-12-22T22:40:54","slug":"dinamicas-familiares","status":"publish","type":"lp_course","link":"https:\/\/edicoes.portaldoenvelhecimento.com.br\/novo\/course\/dinamicas-familiares\/","title":{"rendered":"Curso online ao vivo: Din\u00e2micas familiares na velhice &#8211; interven\u00e7\u00f5es e manejos para profissionais"},"content":{"rendered":"<h4>REALIZADO EM 2025<\/h4>\n<p>&nbsp;<\/p>\n<p><strong>Datas: <\/strong>30\/09, 07\/10, 14\/10 e 21\/10* &#8211; \u00e0s ter\u00e7as-feiras<\/p>\n<p><strong>Hor\u00e1rio: <\/strong>19h30 \u00e0s 21h30<\/p>\n<p><strong>Carga hor\u00e1ria:<\/strong> 8 horas<\/p>\n<p>*Os encontros ser\u00e3o gravados e disponibilizados por tempo determinado.<\/p>\n<p>\u00c9 poss\u00edvel parcelar no cart\u00e3o em at\u00e9 12x.<\/p>\n<p>&nbsp;<\/p>\n<blockquote><p><span style=\"font-weight: 400;\">Uma pessoa idosa nunca vem sozinha, junto vem a fam\u00edlia e a din\u00e2mica deste grupo. Os profissionais que trabalham com a velhice n\u00e3o podem desconsiderar que as rela\u00e7\u00f5es familiares s\u00e3o um ponto sens\u00edvel nos processos de cuidado. Entender a fam\u00edlia auxilia na condu\u00e7\u00e3o dos processos de cuidado, no bem estar subjetivo e na qualidade de vida das pessoas idosas. Fam\u00edlia \u00e9 idoso, s\u00e3o uma s\u00f3 coisa, seja a fam\u00edlia promotora de bem estar ou de conflito. O curso vai trazer ferramentas e recursos para que o profissional circule neste sistema como um facilitador destas rela\u00e7\u00f5es do grupo familiar.<\/span><\/p><\/blockquote>\n<p>&nbsp;<\/p>\n<p><span style=\"font-weight: 400;\">\u00c9 importante que os diferentes modos de cuidados a pessoas idosas busquem estrat\u00e9gias para incluir as fam\u00edlias no processo de envelhecimento, n\u00e3o apenas com foco no idoso, mas ampliando a vis\u00e3o para as demandas dos familiares, considerando sua estrutura, din\u00e2mica, expectativas e necessidades. Ter a fam\u00edlia como um parceiro facilita as interven\u00e7\u00f5es de cuidado e possibilita ao idoso um ambiente acolhedor e seguro neste momento do ciclo vital.\u00a0<\/span><\/p>\n<p><span style=\"font-weight: 400;\">A fam\u00edlia \u00e9 um sistema complexo, onde seus membros compartilham um mesmo contexto social de pertencimento, de constru\u00e7\u00e3o de identidade, significados, cultura, trocas afetivas e emocionais. Sendo assim, buscar compreender a din\u00e2mica da fam\u00edlia contempor\u00e2nea em rela\u00e7\u00e3o ao envelhecimento possibilita um olhar diferenciado dos profissionais que trabalham com o tema do envelhecimento, facilitando o manejo de quest\u00f5es que possam surgir ao longo de suas pr\u00e1ticas e que envolvam a fam\u00edlia.\u00a0<\/span><\/p>\n<p>&nbsp;<\/p>\n<h3><strong>Conte\u00fado Program\u00e1tico:<\/strong><\/h3>\n<ol>\n<li><b>A Fam\u00edlia e o Envelhecimento<\/b>\n<ul>\n<li style=\"font-weight: 400;\" aria-level=\"1\"><span style=\"font-weight: 400;\">O conceito de fam\u00edlia<\/span><\/li>\n<li style=\"font-weight: 400;\" aria-level=\"1\"><span style=\"font-weight: 400;\">Temas que envolvem o idoso e sua fam\u00edlia<\/span><\/li>\n<li style=\"font-weight: 400;\" aria-level=\"1\"><span style=\"font-weight: 400;\">A fam\u00edlia ao longo da linha do tempo<\/span><\/li>\n<li style=\"font-weight: 400;\" aria-level=\"1\"><span style=\"font-weight: 400;\">Transforma\u00e7\u00f5es do ciclo vital<\/span><\/li>\n<li style=\"font-weight: 400;\" aria-level=\"1\"><span style=\"font-weight: 400;\">V\u00ednculos afetivos<\/span><\/li>\n<li style=\"font-weight: 400;\" aria-level=\"1\"><span style=\"font-weight: 400;\">A fun\u00e7\u00e3o da rede de rela\u00e7\u00f5es<\/span><\/li>\n<\/ul>\n<\/li>\n<li><b>Configura\u00e7\u00f5es Familiares<\/b>\n<ul>\n<li style=\"font-weight: 400;\" aria-level=\"1\"><span style=\"font-weight: 400;\">A fam\u00edlia contempor\u00e2nea e suas configura\u00e7\u00f5es<\/span><\/li>\n<li style=\"font-weight: 400;\" aria-level=\"1\"><span style=\"font-weight: 400;\">Sistemas familiares diversos<\/span><\/li>\n<li style=\"font-weight: 400;\" aria-level=\"1\"><span style=\"font-weight: 400;\">Teoria dos Sistemas aplicada \u00e0 an\u00e1lise familiar<\/span><\/li>\n<li style=\"font-weight: 400;\" aria-level=\"1\"><span style=\"font-weight: 400;\">Princ\u00edpios de funcionamento dos sistemas familiares<\/span><\/li>\n<li style=\"font-weight: 400;\" aria-level=\"1\"><span style=\"font-weight: 400;\">Reguladores da sa\u00fade familiar<\/span><\/li>\n<li style=\"font-weight: 400;\" aria-level=\"1\"><span style=\"font-weight: 400;\">Estrat\u00e9gias de atendimento em sa\u00fade e assist\u00eancia<\/span><\/li>\n<li style=\"font-weight: 400;\" aria-level=\"1\"><span style=\"font-weight: 400;\">Aspectos essenciais na an\u00e1lise do grupo familiar<\/span><\/li>\n<li style=\"font-weight: 400;\" aria-level=\"1\"><span style=\"font-weight: 400;\">Instrumentos de avalia\u00e7\u00e3o familiar<\/span><\/li>\n<\/ul>\n<\/li>\n<li><b>A Velhice no Contexto Familiar<\/b>\n<ul>\n<li style=\"font-weight: 400;\" aria-level=\"1\"><span style=\"font-weight: 400;\">A presen\u00e7a da velhice no sistema familiar<\/span><\/li>\n<li style=\"font-weight: 400;\" aria-level=\"1\"><span style=\"font-weight: 400;\">Envelhecimento: impactos nas rela\u00e7\u00f5es familiares<\/span><\/li>\n<li style=\"font-weight: 400;\" aria-level=\"1\"><span style=\"font-weight: 400;\">O lugar da pessoa idosa na fam\u00edlia ocidental<\/span><\/li>\n<li style=\"font-weight: 400;\" aria-level=\"1\"><span style=\"font-weight: 400;\">Rela\u00e7\u00f5es de g\u00eanero e envelhecimento<\/span><\/li>\n<li style=\"font-weight: 400;\" aria-level=\"1\"><span style=\"font-weight: 400;\">Modelos de envelhecimento no contexto familiar<\/span><\/li>\n<\/ul>\n<\/li>\n<li><b>Cuidado, Comunica\u00e7\u00e3o e Pr\u00e1ticas \/ Reflex\u00f5es finais<\/b><\/li>\n<\/ol>\n<ul>\n<li style=\"list-style-type: none;\">\n<ul>\n<li><span style=\"font-weight: 400;\">O cuidado ao idoso e o papel da fam\u00edlia<\/span><\/li>\n<li style=\"font-weight: 400;\" aria-level=\"1\"><span style=\"font-weight: 400;\">Cuidar: necessidade ou obriga\u00e7\u00e3o?<\/span><\/li>\n<li style=\"font-weight: 400;\" aria-level=\"1\"><span style=\"font-weight: 400;\">Qualidade dos v\u00ednculos familiares<\/span><\/li>\n<li style=\"font-weight: 400;\" aria-level=\"1\"><span style=\"font-weight: 400;\">Comunica\u00e7\u00e3o como facilitadora do cuidado<\/span><\/li>\n<li style=\"font-weight: 400;\" aria-level=\"1\"><span style=\"font-weight: 400;\">Narrativas e viv\u00eancias familiares<\/span><\/li>\n<li style=\"font-weight: 400;\" aria-level=\"1\"><span style=\"font-weight: 400;\">Temas transversais na viv\u00eancia familiar do idoso<\/span><\/li>\n<li style=\"font-weight: 400;\" aria-level=\"1\"><span style=\"font-weight: 400;\">Grupos familiares como estrat\u00e9gia de cuidado<\/span><\/li>\n<\/ul>\n<\/li>\n<\/ul>\n<p>&nbsp;<\/p>\n<h3><strong>Objetivos<\/strong><\/h3>\n<ul>\n<li style=\"font-weight: 400;\" aria-level=\"1\"><span style=\"font-weight: 400;\">Preparar os profissionais para entenderem as din\u00e2micas b\u00e1sicas de funcionamento dos grupos familiares e assim buscarem a melhor interven\u00e7\u00e3o.<\/span><\/li>\n<li style=\"font-weight: 400;\" aria-level=\"1\"><span style=\"font-weight: 400;\">Trazer bem estar e qualidade de vida para as pessoas idosas e a fam\u00edlia nos processos de envelhecimento, em especial as que apresentam fragilidade.<\/span><\/li>\n<\/ul>\n<p>&nbsp;<\/p>\n<h3><strong>P\u00fablico Alvo<\/strong><\/h3>\n<ul>\n<li><span style=\"font-weight: 400;\">Profissionais multidisciplinares que trabalham diretamente com pessoas idosas (psic\u00f3logos, assistentes sociais, enfermeiros, m\u00e9dicos, fisioterapeutas&#8230;), gestores com foco no cuidado a pessoas idosas nas diferentes \u00e1reas e estudantes.<\/span><\/li>\n<\/ul>\n<p>&nbsp;<\/p>\n<h3><strong>Docente: <\/strong><b>Margherita de Cassia Mizan<\/b><\/h3>\n<p><span style=\"font-weight: 400;\">Psic\u00f3loga, Mestre em Gerontologia pela PUCSP, com Especializa\u00e7\u00e3o em Teoria Psicanal\u00edtica pela PUCSP, Especializa\u00e7\u00e3o em Terapia Sist\u00eamica Fam\u00edlia e Casal UNIFESP \u2013 SP, Especializa\u00e7\u00e3o em Gerontologia pelo Hospital Israelita Albert Einstein, Especializa\u00e7\u00e3o em Psicogerontologia pelo instituto Ger A\u00e7\u00f5es. Titulada Especialista em GERONTOLOGIA pela SBGG-SP (Sociedade Brasileira de Geriatria e Gerontologia \u2013 se\u00e7\u00e3o S\u00e3o Paulo) \u2013 CEO da empresa Senior Services Gest\u00e3o e Treinamento no cuidado a idosos \u2013 25 anos de trabalho com a popula\u00e7\u00e3o idosa que apresenta fragilidades. Linkedin: <a href=\"https:\/\/www.linkedin.com\/in\/margheritamizan\">https:\/\/www.linkedin.com\/in\/margheritamizan<\/a><\/span><\/p>\n<p>&nbsp;<\/p>\n<p><strong>Poder\u00e1 adquirir o certificado quem tiver ao menos 75% de presen\u00e7a (ao vivo ou vendo as grava\u00e7\u00f5es).\u00a0<\/strong><\/p>\n<p>&nbsp;<\/p>\n<p><strong>Contato:\u00a0<\/strong>cursos@portaldoenvelhecimento.com.br<\/p>\n<p>_____________________________________________________________________<\/p>\n<p><strong>DESCONTOS*:<\/strong><\/p>\n<ul>\n<li>20% para estudantes<\/li>\n<li>20% para ex-alunas\/os de cursos do Espa\u00e7o Longeviver<\/li>\n<li>20% para pessoas aposentadas<\/li>\n<\/ul>\n<ul>\n<li>Tamb\u00e9m oferecemos descontos para grupos\/equipes (a combinar)<\/li>\n<\/ul>\n<p>Para saber como usar os descontos basta mandar mensagem para nosso whatsapp (11 97384-1820) ou e-mail cursos@portaldoenvelhecimento.com.br especificando seu caso.<\/p>\n<p>*Os descontos n\u00e3o s\u00e3o cumulativos.<\/p>\n","protected":false},"excerpt":{"rendered":"<p>REALIZADO EM 2025 &nbsp; Datas: 30\/09, 07\/10, 14\/10 e 21\/10* &#8211; \u00e0s ter\u00e7as-feiras Hor\u00e1rio: 19h30 \u00e0s 21h30 Carga hor\u00e1ria: 8 horas *Os encontros ser\u00e3o gravados e disponibilizados por tempo determinado. \u00c9 poss\u00edvel parcelar no cart\u00e3o em at\u00e9 12x. &nbsp; Uma &hellip; <\/p>\n","protected":false},"author":7385,"featured_media":35576,"comment_status":"closed","ping_status":"closed","template":"","course_category":[100],"course_tag":[],"class_list":["post-34499","lp_course","type-lp_course","status-publish","has-post-thumbnail","hentry","course_category-cursos-finalizados","pmpro-has-access","course"],"_links":{"self":[{"href":"https:\/\/edicoes.portaldoenvelhecimento.com.br\/novo\/wp-json\/wp\/v2\/lp_course\/34499","targetHints":{"allow":["GET"]}}],"collection":[{"href":"https:\/\/edicoes.portaldoenvelhecimento.com.br\/novo\/wp-json\/wp\/v2\/lp_course"}],"about":[{"href":"https:\/\/edicoes.portaldoenvelhecimento.com.br\/novo\/wp-json\/wp\/v2\/types\/lp_course"}],"author":[{"embeddable":true,"href":"https:\/\/edicoes.portaldoenvelhecimento.com.br\/novo\/wp-json\/wp\/v2\/users\/7385"}],"replies":[{"embeddable":true,"href":"https:\/\/edicoes.portaldoenvelhecimento.com.br\/novo\/wp-json\/wp\/v2\/comments?post=34499"}],"version-history":[{"count":22,"href":"https:\/\/edicoes.portaldoenvelhecimento.com.br\/novo\/wp-json\/wp\/v2\/lp_course\/34499\/revisions"}],"predecessor-version":[{"id":38130,"href":"https:\/\/edicoes.portaldoenvelhecimento.com.br\/novo\/wp-json\/wp\/v2\/lp_course\/34499\/revisions\/38130"}],"wp:featuredmedia":[{"embeddable":true,"href":"https:\/\/edicoes.portaldoenvelhecimento.com.br\/novo\/wp-json\/wp\/v2\/media\/35576"}],"wp:attachment":[{"href":"https:\/\/edicoes.portaldoenvelhecimento.com.br\/novo\/wp-json\/wp\/v2\/media?parent=34499"}],"wp:term":[{"taxonomy":"course_category","embeddable":true,"href":"https:\/\/edicoes.portaldoenvelhecimento.com.br\/novo\/wp-json\/wp\/v2\/course_category?post=34499"},{"taxonomy":"course_tag","embeddable":true,"href":"https:\/\/edicoes.portaldoenvelhecimento.com.br\/novo\/wp-json\/wp\/v2\/course_tag?post=34499"}],"curies":[{"name":"wp","href":"https:\/\/api.w.org\/{rel}","templated":true}]}}