{"id":34493,"date":"2025-07-08T22:10:34","date_gmt":"2025-07-09T01:10:34","guid":{"rendered":"https:\/\/edicoes.portaldoenvelhecimento.com.br\/novo\/?post_type=lp_course&#038;p=34493"},"modified":"2026-02-03T14:26:30","modified_gmt":"2026-02-03T17:26:30","slug":"curso-indicadores-sociais","status":"publish","type":"lp_course","link":"https:\/\/edicoes.portaldoenvelhecimento.com.br\/novo\/course\/curso-indicadores-sociais\/","title":{"rendered":"Curso online ao vivo: Indicadores sociais voltados \u00e0 popula\u00e7\u00e3o idosa &#8211; constru\u00e7\u00e3o e an\u00e1lise para a prote\u00e7\u00e3o efetiva"},"content":{"rendered":"<h4>REALIZADO EM 2025<\/h4>\n<hr \/>\n<h3><strong>Caso voc\u00ea se interesse em participar de uma pr\u00f3xima edi\u00e7\u00e3o do curso, mande mensagem para o nosso whatsapp 11 97384-1820!<\/strong><\/h3>\n<hr \/>\n<p>&nbsp;<\/p>\n<p><strong>VAGAS LIMITADAS<\/strong><\/p>\n<p><strong>Datas: <span style=\"font-weight: 400;\">28\/08, 04\/09, 11\/09 e 18\/09<\/span><\/strong>* &#8211; \u00e0s quintas<\/p>\n<p><strong>Hor\u00e1rio: <\/strong>19h30 \u00e0s 22h<\/p>\n<p><strong>Carga hor\u00e1ria:<\/strong> 10 horas<\/p>\n<p>*Os encontros ser\u00e3o gravados e disponibilizados por tempo determinado.<\/p>\n<p>\u00c9 poss\u00edvel parcelar no cart\u00e3o em at\u00e9 12x.<\/p>\n<p>&nbsp;<\/p>\n<blockquote><p><span style=\"font-weight: 400;\">Com uma metodologia <strong>acess\u00edvel e aplicada<\/strong>, o curso combina exposi\u00e7\u00f5es dialogadas, estudos de caso, oficinas pr\u00e1ticas e o uso de bases de dados como IBGE, Cad\u00danico e Datasus. Ao final, os participantes estar\u00e3o aptos a produzir<strong> diagn\u00f3sticos territorializados, relat\u00f3rios claros e an\u00e1lises<\/strong> que fa\u00e7am a diferen\u00e7a na formula\u00e7\u00e3o de estrat\u00e9gias voltadas \u00e0 prote\u00e7\u00e3o e \u00e0 garantia de direitos da popula\u00e7\u00e3o 60+. <strong>Ideal para quem quer ampliar seu impacto e atuar com mais precis\u00e3o.<\/strong><\/span><\/p><\/blockquote>\n<p>&nbsp;<\/p>\n<h3><strong>Conte\u00fado Program\u00e1tico:<\/strong><\/h3>\n<ol>\n<li><span style=\"font-weight: 400;\"> INDICADORES SOCIAIS &#8211; O que s\u00e3o e como se definem?<\/span><\/li>\n<li>CARACTER\u00cdSTICAS &#8211; O que faz um bom indicador?<\/li>\n<li>EXECU\u00c7\u00c3O &#8211; Como construir um indicador?<\/li>\n<li>CONHECIMENTO &#8211; Conhecer indicadores atualizados e panoramas dessa popula\u00e7\u00e3o, bem como suas fontes<\/li>\n<li>DIAGN\u00d3STICO SOCIOTERRITORIAL &#8211; Como aplicar todo o conhecimento em an\u00e1lises de pol\u00edticas p\u00fablicas territoriais<\/li>\n<\/ol>\n<p>&nbsp;<\/p>\n<h3><strong>Objetivo geral<\/strong><\/h3>\n<ul>\n<li><span style=\"font-weight: 400;\">Capacitar profissionais e gestores p\u00fablicos na compreens\u00e3o, constru\u00e7\u00e3o e an\u00e1lise de indicadores sociais voltados \u00e0 popula\u00e7\u00e3o idosa, promovendo a utiliza\u00e7\u00e3o de dados para o planejamento, monitoramento e avalia\u00e7\u00e3o de pol\u00edticas p\u00fablicas. O curso busca fortalecer a tomada de decis\u00e3o baseada em evid\u00eancias, contribuindo para a formula\u00e7\u00e3o de estrat\u00e9gias mais eficazes e equitativas na garantia dos direitos e do bem-estar da popula\u00e7\u00e3o idosa.<\/span><\/li>\n<\/ul>\n<p>&nbsp;<\/p>\n<h3><b>Objetivos espec\u00edficos<\/b><\/h3>\n<ul>\n<li style=\"font-weight: 400;\" aria-level=\"1\"><span style=\"font-weight: 400;\">Apresentar os conceitos fundamentais sobre indicadores sociais, sua import\u00e2ncia e aplicabilidade no monitoramento e avalia\u00e7\u00e3o de pol\u00edticas p\u00fablicas para a popula\u00e7\u00e3o idosa.<\/span><\/li>\n<li style=\"font-weight: 400;\" aria-level=\"1\"><span style=\"font-weight: 400;\">Capacitar os participantes na identifica\u00e7\u00e3o e sele\u00e7\u00e3o de indicadores relevantes para a an\u00e1lise das condi\u00e7\u00f5es de vida, sa\u00fade, moradia, renda e prote\u00e7\u00e3o social dos idosos.<\/span><\/li>\n<li style=\"font-weight: 400;\" aria-level=\"1\"><span style=\"font-weight: 400;\">Demonstrar metodologias de coleta, an\u00e1lise e interpreta\u00e7\u00e3o de dados quantitativos e qualitativos, com \u00eanfase em fontes oficiais e pesquisas populacionais.<\/span><\/li>\n<li style=\"font-weight: 400;\" aria-level=\"1\"><span style=\"font-weight: 400;\">Explorar boas pr\u00e1ticas e desafios na constru\u00e7\u00e3o de indicadores que reflitam a realidade da popula\u00e7\u00e3o idosa, garantindo que sejam eficazes para subsidiar a tomada de decis\u00e3o.<\/span><\/li>\n<li style=\"font-weight: 400;\" aria-level=\"1\"><span style=\"font-weight: 400;\">Discutir o uso estrat\u00e9gico dos indicadores para formula\u00e7\u00e3o, implementa\u00e7\u00e3o e avalia\u00e7\u00e3o de pol\u00edticas p\u00fablicas intersetoriais voltadas ao envelhecimento digno e \u00e0 prote\u00e7\u00e3o dos direitos dos idosos.<\/span><\/li>\n<li style=\"font-weight: 400;\" aria-level=\"1\"><span style=\"font-weight: 400;\">Constru\u00e7\u00e3o de relat\u00f3rios territorializados: Orienta\u00e7\u00e3o para a produ\u00e7\u00e3o de materiais que auxiliem na comunica\u00e7\u00e3o dos indicadores sociais de maneira clara e acess\u00edvel para diferentes p\u00fablicos.<\/span><\/li>\n<li style=\"font-weight: 400;\" aria-level=\"1\"><span style=\"font-weight: 400;\">Discuss\u00e3o coletiva e s\u00edntese cr\u00edtica: Momentos de troca entre os participantes para reflex\u00f5es sobre os desafios e oportunidades na implementa\u00e7\u00e3o de indicadores sociais em pol\u00edticas para a popula\u00e7\u00e3o idosa.<\/span><\/li>\n<li aria-level=\"1\"><strong>Abordar a tem\u00e1tica de idosos em situa\u00e7\u00e3o de rua e de idosos na Cracol\u00e2ndia.<\/strong><\/li>\n<\/ul>\n<p>&nbsp;<\/p>\n<h3><strong>P\u00fablico Alvo<\/strong><\/h3>\n<ul>\n<li><span style=\"font-weight: 400;\"><span style=\"font-weight: 400;\">Profissionais que atuam com envelhecimento, pol\u00edticas p\u00fablicas, vigil\u00e2ncia socioassistencial, gerontologia, pesquisas sociais e gest\u00e3o.<\/span><\/span><\/li>\n<\/ul>\n<p>&nbsp;<\/p>\n<h3><strong>Metodologia<\/strong><\/h3>\n<p><span style=\"font-weight: 400;\">O curso ser\u00e1 desenvolvido de forma te\u00f3rica e pr\u00e1tica, combinando exposi\u00e7\u00f5es dialogadas, estudos de caso e exerc\u00edcios aplicados para garantir a compreens\u00e3o e utiliza\u00e7\u00e3o dos indicadores sociais na formula\u00e7\u00e3o e avalia\u00e7\u00e3o de pol\u00edticas voltadas \u00e0 popula\u00e7\u00e3o idosa.<\/span><\/p>\n<ul>\n<li style=\"font-weight: 400;\" aria-level=\"1\"><span style=\"font-weight: 400;\">Aulas expositivas e dialogadas: Apresenta\u00e7\u00e3o dos conceitos fundamentais sobre indicadores sociais, com espa\u00e7o para discuss\u00e3o e compartilhamento de experi\u00eancias dos participantes.<\/span><\/li>\n<li style=\"font-weight: 400;\" aria-level=\"1\"><span style=\"font-weight: 400;\">An\u00e1lise de casos reais: Estudos de pol\u00edticas p\u00fablicas e programas voltados \u00e0 popula\u00e7\u00e3o idosa, demonstrando como os indicadores sociais s\u00e3o utilizados na pr\u00e1tica para o monitoramento e a avalia\u00e7\u00e3o.<\/span><\/li>\n<li style=\"font-weight: 400;\" aria-level=\"1\"><span style=\"font-weight: 400;\">Oficinas pr\u00e1ticas: Exerc\u00edcios guiados de constru\u00e7\u00e3o, an\u00e1lise e interpreta\u00e7\u00e3o de indicadores, incluindo a extra\u00e7\u00e3o de dados de fontes oficiais e a visualiza\u00e7\u00e3o dos resultados em ferramentas anal\u00edticas.<\/span><\/li>\n<li style=\"font-weight: 400;\" aria-level=\"1\"><span style=\"font-weight: 400;\">Uso de bases de dados p\u00fablicas: Aplica\u00e7\u00e3o de t\u00e9cnicas para consulta e manipula\u00e7\u00e3o de dados de fontes como IBGE, Datasus, Cad\u00danico e outros sistemas relevantes para pol\u00edticas sociais.<\/span><\/li>\n<\/ul>\n<p>&nbsp;<\/p>\n<h3><strong>Docentes:\u00a0<\/strong><\/h3>\n<h3><span style=\"font-weight: 400;\">Pierre Rinco<\/span><\/h3>\n<p>Gestor p\u00fablico e bacharel em Pol\u00edticas P\u00fablicas, especializado em pol\u00edticas sociais e inova\u00e7\u00e3o no setor p\u00fablico. Cursa a especializa\u00e7\u00e3o \u201cForma\u00e7\u00e3o do Estado: \u00c9tica e Filosofia Pol\u00edtica\u201d na Escola Superior de Gest\u00e3o e Contas P\u00fablicas do Tribunal de Contas do Munic\u00edpio de S\u00e3o Paulo (TCM-SP), aprofundando sua compreens\u00e3o cr\u00edtica sobre o papel do Estado e a \u00e9tica na gest\u00e3o p\u00fablica. Atualmente coordena o Observat\u00f3rio da Vigil\u00e2ncia Socioassistencial da Secretaria Municipal de Assist\u00eancia e Desenvolvimento Social de S\u00e3o Paulo (SMADS\/PMSP), conduzindo diagn\u00f3sticos, indicadores e pesquisas sobre vulnerabilidade social, com \u00eanfase na popula\u00e7\u00e3o em situa\u00e7\u00e3o de rua. Pierre foi respons\u00e1vel pela maior pesquisa censit\u00e1ria sobre popula\u00e7\u00e3o em situa\u00e7\u00e3o de rua do pa\u00eds \u2014 o Censo 2019 da cidade de S\u00e3o Paulo \u2014 e, por mais de cinco anos, dirigiu este que \u00e9 o maior observat\u00f3rio de pol\u00edticas sociais do Brasil, desenvolvendo metodologias que se tornaram refer\u00eancia para outros munic\u00edpios. Antes de retornar \u00e0 SMADS, atuou na Secretaria de Governo Municipal de S\u00e3o Paulo, onde elaborou estrat\u00e9gias de contrata\u00e7\u00e3o de servi\u00e7os socioassistenciais, integrou bases de benef\u00edcios sociais e liderou o monitoramento e avalia\u00e7\u00e3o do Programa Reencontro, focado em pessoas idosas em situa\u00e7\u00e3o de rua. Pelo conjunto de suas iniciativas, recebeu com sua equipe o 1\u00ba lugar no Premia Sampa, principal pr\u00eamio paulistano de inova\u00e7\u00e3o no setor p\u00fablico, entre outros pr\u00eamios municipais e federais. Mant\u00e9m interesse permanente em inova\u00e7\u00e3o social, an\u00e1lise de dados e gest\u00e3o colaborativa de pol\u00edticas p\u00fablicas, aliando rigor t\u00e9cnico a uma vis\u00e3o humanista para criar solu\u00e7\u00f5es transformadoras.<\/p>\n<h3><span style=\"font-weight: 400;\">Viviane Canecchio Ferreirinho<\/span><\/h3>\n<p>Soci\u00f3loga, mestre e doutora em Educa\u00e7\u00e3o, trabalha na pol\u00edtica de assist\u00eancia social desde 1992. \u00c9 profissional da vigil\u00e2ncia socioassistencial da cidade de S\u00e3o Paulo, com experi\u00eancia na elabora\u00e7\u00e3o de estudos e an\u00e1lises socioterritoriais, de diagn\u00f3sticos e na utiliza\u00e7\u00e3o de indicadores e \u00edndices sociais para avalia\u00e7\u00e3o e planejamento de pol\u00edticas p\u00fablicas. \u00c9, tamb\u00e9m, uma das idealizadoras da metodologia do Ranking de Prioriza\u00e7\u00e3o de Distritos para Abertura de Servi\u00e7os Socioassistenciais, baseada em estrat\u00e9gias de benchmarking internos voltadas \u00e0 facilita\u00e7\u00e3o de tomada de decis\u00f5es gerenciais, ferramenta baseada na an\u00e1lise de diversos indicadores e vari\u00e1veis para constru\u00e7\u00e3o de quadro situacional hierarquizado que auxilie na prioriza\u00e7\u00e3o de atendimento dos diversos territ\u00f3rios. Participou da coordena\u00e7\u00e3o da Pesquisa Censit\u00e1ria da Popula\u00e7\u00e3o em Situa\u00e7\u00e3o de Rua da cidade de S\u00e3o Paulo nas \u00faltimas tr\u00eas edi\u00e7\u00f5es, 2015, 2019 e 2021.<\/p>\n<p>&nbsp;<\/p>\n<p><strong>Poder\u00e1 adquirir o certificado quem tiver ao menos 75% de presen\u00e7a (ao vivo ou vendo as grava\u00e7\u00f5es).\u00a0<\/strong><\/p>\n<p>&nbsp;<\/p>\n<p><strong>Contato:\u00a0<\/strong>cursos@portaldoenvelhecimento.com.br<\/p>\n<p>&nbsp;<\/p>\n<p><b>Refer\u00eancia bibliogr\u00e1fica<\/b><\/p>\n<p><span style=\"font-weight: 400;\">Jannuzzi. 2012. Indicadores Sociais no Brasil. Editora Al\u00ednea.<\/span><\/p>\n<p>_____________________________________________________________________<\/p>\n<p><strong>DESCONTOS*:<\/strong><\/p>\n<ul>\n<li>20% para estudantes<\/li>\n<li>20% para ex-alunas\/os de cursos do Espa\u00e7o Longeviver<\/li>\n<li>20% para pessoas aposentadas<\/li>\n<\/ul>\n<ul>\n<li>Tamb\u00e9m oferecemos descontos para grupos\/equipes (a combinar)<\/li>\n<\/ul>\n<p>Para saber como usar os descontos basta mandar mensagem para nosso whatsapp (11 97384-1820) ou e-mail cursos@portaldoenvelhecimento.com.br especificando seu caso.<\/p>\n<p>*Os descontos n\u00e3o s\u00e3o cumulativos.<\/p>\n","protected":false},"excerpt":{"rendered":"<p>REALIZADO EM 2025 Caso voc\u00ea se interesse em participar de uma pr\u00f3xima edi\u00e7\u00e3o do curso, mande mensagem para o nosso whatsapp 11 97384-1820! &nbsp; VAGAS LIMITADAS Datas: 28\/08, 04\/09, 11\/09 e 18\/09* &#8211; \u00e0s quintas Hor\u00e1rio: 19h30 \u00e0s 22h Carga &hellip; <\/p>\n","protected":false},"author":15878,"featured_media":34965,"comment_status":"closed","ping_status":"closed","template":"","course_category":[100],"course_tag":[],"class_list":["post-34493","lp_course","type-lp_course","status-publish","has-post-thumbnail","hentry","course_category-cursos-finalizados","pmpro-has-access","course"],"_links":{"self":[{"href":"https:\/\/edicoes.portaldoenvelhecimento.com.br\/novo\/wp-json\/wp\/v2\/lp_course\/34493","targetHints":{"allow":["GET"]}}],"collection":[{"href":"https:\/\/edicoes.portaldoenvelhecimento.com.br\/novo\/wp-json\/wp\/v2\/lp_course"}],"about":[{"href":"https:\/\/edicoes.portaldoenvelhecimento.com.br\/novo\/wp-json\/wp\/v2\/types\/lp_course"}],"author":[{"embeddable":true,"href":"https:\/\/edicoes.portaldoenvelhecimento.com.br\/novo\/wp-json\/wp\/v2\/users\/15878"}],"replies":[{"embeddable":true,"href":"https:\/\/edicoes.portaldoenvelhecimento.com.br\/novo\/wp-json\/wp\/v2\/comments?post=34493"}],"version-history":[{"count":19,"href":"https:\/\/edicoes.portaldoenvelhecimento.com.br\/novo\/wp-json\/wp\/v2\/lp_course\/34493\/revisions"}],"predecessor-version":[{"id":36944,"href":"https:\/\/edicoes.portaldoenvelhecimento.com.br\/novo\/wp-json\/wp\/v2\/lp_course\/34493\/revisions\/36944"}],"wp:featuredmedia":[{"embeddable":true,"href":"https:\/\/edicoes.portaldoenvelhecimento.com.br\/novo\/wp-json\/wp\/v2\/media\/34965"}],"wp:attachment":[{"href":"https:\/\/edicoes.portaldoenvelhecimento.com.br\/novo\/wp-json\/wp\/v2\/media?parent=34493"}],"wp:term":[{"taxonomy":"course_category","embeddable":true,"href":"https:\/\/edicoes.portaldoenvelhecimento.com.br\/novo\/wp-json\/wp\/v2\/course_category?post=34493"},{"taxonomy":"course_tag","embeddable":true,"href":"https:\/\/edicoes.portaldoenvelhecimento.com.br\/novo\/wp-json\/wp\/v2\/course_tag?post=34493"}],"curies":[{"name":"wp","href":"https:\/\/api.w.org\/{rel}","templated":true}]}}